{"id":15884,"date":"2026-01-29T11:56:24","date_gmt":"2026-01-29T11:56:24","guid":{"rendered":"https:\/\/avenidarealty.es\/?post_type=property&#038;p=15884"},"modified":"2026-04-14T11:07:50","modified_gmt":"2026-04-14T11:07:50","slug":"piso-granvia","status":"publish","type":"property","link":"https:\/\/avenidarealty.es\/ru\/property\/piso-granvia\/","title":{"rendered":"\u041a\u0432\u0430\u0440\u0442\u0438\u0440\u0430 \u043d\u0430 Gran Via, Eixample"},"content":{"rendered":"\n<p class=\"has-small-font-size\">*\u041f\u0440\u0435\u0434\u043b\u0430\u0433\u0430\u0435\u0442\u0441\u044f 2 \u043a\u0432\u0430\u0440\u0442\u0438\u0440\u044b<\/p>\n\n\n\n<p>\u041e\u0442\u043a\u0440\u043e\u0439\u0442\u0435 \u0434\u043b\u044f \u0441\u0435\u0431\u044f \u0443\u043d\u0438\u043a\u0430\u043b\u044c\u043d\u0443\u044e \u0432\u043e\u0437\u043c\u043e\u0436\u043d\u043e\u0441\u0442\u044c \u0432 \u0441\u0430\u043c\u043e\u043c \u0441\u0435\u0440\u0434\u0446\u0435 \u0433\u043e\u0440\u043e\u0434\u0430.<\/p>\n\n\n\n<p>\u041d\u0430 \u0443\u043b\u0438\u0446\u0435 la Gran Via de les Corts Catalanes \u0440\u0430\u0441\u043f\u043e\u043b\u043e\u0436\u0435\u043d\u0430 \u044d\u043a\u0441\u043a\u043b\u044e\u0437\u0438\u0432\u043d\u0430\u044f \u0440\u0435\u0437\u0438\u0434\u0435\u043d\u0446\u0438\u044f \u0432 \u0440\u043e\u0441\u043a\u043e\u0448\u043d\u043e\u0439 \u0443\u0441\u0430\u0434\u044c\u0431\u0435 \u0432 \u0432\u0435\u043b\u0438\u0447\u0435\u0441\u0442\u0432\u0435\u043d\u043d\u043e\u043c \u0441\u0442\u0438\u043b\u0435, \u043f\u0440\u0438\u0433\u043b\u0430\u0448\u0430\u0435\u043c \u0412\u0430\u0441 \u043d\u0430\u0441\u043b\u0430\u0434\u0438\u0442\u044c\u0441\u044f \u043e\u0431\u0440\u0430\u0437\u043e\u043c \u0436\u0438\u0437\u043d\u0438, \u0433\u0434\u0435 \u0438\u0441\u0442\u043e\u0440\u0438\u044f \u0438 \u0441\u043e\u0432\u0440\u0435\u043c\u0435\u043d\u043d\u043e\u0441\u0442\u044c \u0441\u043e\u0441\u0443\u0449\u0435\u0441\u0442\u0432\u0443\u044e\u0442 \u0432 \u0438\u0434\u0435\u0430\u043b\u044c\u043d\u043e\u0439 \u0433\u0430\u0440\u043c\u043e\u043d\u0438\u0438. \u041f\u0440\u043e\u0441\u0442\u043e\u0440\u043d\u044b\u0435 \u043a\u043e\u043c\u043d\u0430\u0442\u044b, \u043d\u0430\u043f\u043e\u043b\u043d\u0435\u043d\u043d\u044b\u0435 \u0435\u0441\u0442\u0435\u0441\u0442\u0432\u0435\u043d\u043d\u044b\u043c \u0441\u0432\u0435\u0442\u043e\u043c, \u0442\u0449\u0430\u0442\u0435\u043b\u044c\u043d\u043e \u0441\u043f\u0440\u043e\u0435\u043a\u0442\u0438\u0440\u043e\u0432\u0430\u043d\u044b \u0438 \u043f\u043e\u0434\u0447\u0435\u0440\u043a\u0438\u0432\u0430\u044e\u0442 \u0438\u0437\u044b\u0441\u043a\u0430\u043d\u043d\u044b\u0439 \u0445\u0430\u0440\u0430\u043a\u0442\u0435\u0440 \u043e\u0431\u044a\u0435\u043a\u0442\u0430, \u0434\u0430\u0440\u044f\u0442 \u043e\u0449\u0443\u0449\u0435\u043d\u0438\u0435 \u043f\u0440\u043e\u0441\u0442\u043e\u0440\u0430 \u0438 \u0431\u043b\u0430\u0433\u043e\u043f\u043e\u043b\u0443\u0447\u0438\u044f \u0441 \u043c\u043e\u043c\u0435\u043d\u0442\u0430 \u0432\u0430\u0448\u0435\u0433\u043e \u0432\u0445\u043e\u0434\u0430.<\/p>\n\n\n\n<p>\u042d\u043b\u0435\u0433\u0430\u043d\u0442\u043d\u043e\u0441\u0442\u044c \u043a\u043b\u0430\u0441\u0441\u0438\u0447\u0435\u0441\u043a\u0438\u0445 \u044d\u043b\u0435\u043c\u0435\u043d\u0442\u043e\u0432 \u043e\u0440\u0433\u0430\u043d\u0438\u0447\u043d\u043e \u0441\u043e\u0447\u0435\u0442\u0430\u0435\u0442\u0441\u044f \u0441 \u0441\u043e\u0432\u0440\u0435\u043c\u0435\u043d\u043d\u044b\u043c \u043a\u043e\u043c\u0444\u043e\u0440\u0442\u043e\u043c, \u0441\u043e\u0437\u0434\u0430\u0432\u0430\u044f \u0443\u044e\u0442\u043d\u044b\u0439 \u0438 \u0444\u0443\u043d\u043a\u0446\u0438\u043e\u043d\u0430\u043b\u044c\u043d\u044b\u0439 \u0434\u043e\u043c, \u043f\u0440\u0435\u0434\u043d\u0430\u0437\u043d\u0430\u0447\u0435\u043d\u043d\u044b\u0439 \u0434\u043b\u044f \u043f\u043e\u0432\u0441\u0435\u0434\u043d\u0435\u0432\u043d\u043e\u0439 \u0436\u0438\u0437\u043d\u0438. \u041a\u0430\u0436\u0434\u0430\u044f \u043a\u043e\u043c\u043d\u0430\u0442\u0430 \u0441\u043f\u0440\u043e\u0435\u043a\u0442\u0438\u0440\u043e\u0432\u0430\u043d\u0430 \u0442\u0430\u043a\u0438\u043c \u043e\u0431\u0440\u0430\u0437\u043e\u043c, \u0447\u0442\u043e\u0431\u044b \u043c\u0430\u043a\u0441\u0438\u043c\u0430\u043b\u044c\u043d\u043e \u0438\u0441\u043f\u043e\u043b\u044c\u0437\u043e\u0432\u0430\u0442\u044c \u0441\u0432\u0435\u0442, \u043a\u043e\u043c\u0444\u043e\u0440\u0442 \u0438 \u0441\u043f\u043e\u043a\u043e\u0439\u0441\u0442\u0432\u0438\u0435, \u0441\u043e\u0437\u0434\u0430\u0432\u0430\u044f \u0438\u0434\u0435\u0430\u043b\u044c\u043d\u0443\u044e \u0441\u0440\u0435\u0434\u0443 \u043a\u0430\u043a \u0434\u043b\u044f \u0441\u0435\u043c\u0435\u0439\u043d\u043e\u0439 \u0436\u0438\u0437\u043d\u0438, \u0442\u0430\u043a \u0438 \u0434\u043b\u044f \u0442\u0435\u0445, \u043a\u0442\u043e \u0438\u0449\u0435\u0442 \u0433\u043e\u0440\u043e\u0434\u0441\u043a\u043e\u0435 \u0436\u0438\u043b\u044c\u0435 \u0441 \u0438\u043d\u0434\u0438\u0432\u0438\u0434\u0443\u0430\u043b\u044c\u043d\u043e\u0441\u0442\u044c\u044e \u0438 \u0438\u0437\u044b\u0441\u043a\u0430\u043d\u043d\u043e\u0441\u0442\u044c\u044e.<\/p>\n\n\n\n<p>\u0416\u0438\u043b\u043e\u0439 \u043a\u043e\u043c\u043f\u043b\u0435\u043a\u0441, \u0441\u043e\u0447\u0435\u0442\u0430\u044e\u0449\u0438\u0439 \u0432 \u0441\u0435\u0431\u0435 \u043f\u0440\u0435\u0432\u043e\u0441\u0445\u043e\u0434\u043d\u043e\u0435 \u043c\u0435\u0441\u0442\u043e\u043f\u043e\u043b\u043e\u0436\u0435\u043d\u0438\u0435, \u0432\u043d\u0435\u0432\u0440\u0435\u043c\u0435\u043d\u043d\u0443\u044e \u0430\u0440\u0445\u0438\u0442\u0435\u043a\u0442\u0443\u0440\u0443 \u0438 \u0432\u044b\u0441\u043e\u043a\u043e\u0435 \u043a\u0430\u0447\u0435\u0441\u0442\u0432\u043e \u0436\u0438\u0437\u043d\u0438 \u0432 \u043e\u0434\u043d\u043e\u043c \u0438\u0437 \u0441\u0430\u043c\u044b\u0445 \u0437\u043d\u0430\u043a\u043e\u0432\u044b\u0445 \u0440\u0430\u0439\u043e\u043d\u043e\u0432 \u0433\u043e\u0440\u043e\u0434\u0430.<\/p>\n\n\n\n<p>\u0420\u0430\u0439\u043e\u043d la Esquerra de l\u2019Eixample, \u0438\u0437\u0432\u0435\u0441\u0442\u043d\u044b\u0439 \u0441\u0432\u043e\u0435\u0439 \u044f\u0440\u043a\u043e \u0432\u044b\u0440\u0430\u0436\u0435\u043d\u043d\u043e\u0439 \u0438\u043d\u0434\u0438\u0432\u0438\u0434\u0443\u0430\u043b\u044c\u043d\u043e\u0441\u0442\u044c\u044e \u0438 \u0432\u044b\u0434\u0430\u044e\u0449\u0435\u0439\u0441\u044f \u0430\u0440\u0445\u0438\u0442\u0435\u043a\u0442\u0443\u0440\u043d\u043e\u0439 \u0446\u0435\u043d\u043d\u043e\u0441\u0442\u044c\u044e, \u0437\u0430\u0440\u0435\u043a\u043e\u043c\u0435\u043d\u0434\u043e\u0432\u0430\u043b \u0441\u0435\u0431\u044f \u043a\u0430\u043a \u043e\u0434\u0438\u043d \u0438\u0437 \u0441\u0430\u043c\u044b\u0445 \u0437\u043d\u0430\u043a\u043e\u0432\u044b\u0445 \u0438 \u0436\u0435\u043b\u0430\u043d\u043d\u044b\u0445 \u0440\u0430\u0439\u043e\u043d\u043e\u0432 \u0411\u0430\u0440\u0441\u0435\u043b\u043e\u043d\u044b. \u0420\u0430\u0439\u043e\u043d, \u0433\u0434\u0435 \u0442\u0440\u0430\u0434\u0438\u0446\u0438\u0438 \u0441\u043e\u0441\u0443\u0449\u0435\u0441\u0442\u0432\u0443\u044e\u0442 \u0441 \u0441\u043e\u0432\u0440\u0435\u043c\u0435\u043d\u043d\u043e\u0441\u0442\u044c\u044e, \u0441\u043e\u0437\u0434\u0430\u0432\u0430\u044f \u0434\u0438\u043d\u0430\u043c\u0438\u0447\u043d\u0443\u044e, \u043a\u043e\u0441\u043c\u043e\u043f\u043e\u043b\u0438\u0442\u0438\u0447\u043d\u0443\u044e \u0438 \u044f\u0440\u043a\u0443\u044e \u0430\u0442\u043c\u043e\u0441\u0444\u0435\u0440\u0443.<\/p>\n\n\n\n<p>\u0412 \u043d\u0435\u0441\u043a\u043e\u043b\u044c\u043a\u0438\u0445 \u0448\u0430\u0433\u0430\u0445 \u043e\u0442 \u0437\u0434\u0430\u043d\u0438\u044f \u043d\u0430\u0445\u043e\u0434\u0438\u0442\u0441\u044f \u043f\u0430\u0440\u043a Joan Mir\u00f3, \u0431\u043e\u043b\u044c\u0448\u0430\u044f \u0437\u0435\u043b\u0435\u043d\u0430\u044f \u0437\u043e\u043d\u0430 \u0438 \u0437\u043d\u0430\u043a\u043e\u0432\u043e\u0435 \u043c\u0435\u0441\u0442\u043e \u0433\u043e\u0440\u043e\u0434\u0441\u043a\u043e\u0433\u043e \u043b\u0430\u043d\u0434\u0448\u0430\u0444\u0442\u0430, \u0438\u0434\u0435\u0430\u043b\u044c\u043d\u043e \u043f\u043e\u0434\u0445\u043e\u0434\u044f\u0449\u0435\u0435 \u0434\u043b\u044f \u043e\u0442\u0434\u044b\u0445\u0430 \u0438 \u043f\u0440\u043e\u0433\u0443\u043b\u043e\u043a \u043d\u0430 \u0441\u0432\u0435\u0436\u0435\u043c \u0432\u043e\u0437\u0434\u0443\u0445\u0435. \u041d\u0435\u043f\u043e\u0434\u0430\u043b\u0435\u043a\u0443 \u043e\u0442\u0440\u0435\u0441\u0442\u0430\u0432\u0440\u0438\u0440\u043e\u0432\u0430\u043d\u043d\u0430\u044f \u0443\u043b\u0438\u0446\u0430 Consell de Cent \u043f\u0440\u0435\u0432\u0440\u0430\u0442\u0438\u043b\u0430\u0441\u044c \u0432 \u043e\u0436\u0438\u0432\u043b\u0435\u043d\u043d\u0443\u044e \u043f\u0435\u0448\u0435\u0445\u043e\u0434\u043d\u0443\u044e \u0437\u043e\u043d\u0443 \u0441 \u0442\u0449\u0430\u0442\u0435\u043b\u044c\u043d\u043e \u043f\u043e\u0434\u043e\u0431\u0440\u0430\u043d\u043d\u044b\u043c \u0430\u0441\u0441\u043e\u0440\u0442\u0438\u043c\u0435\u043d\u0442\u043e\u043c \u043c\u0430\u0433\u0430\u0437\u0438\u043d\u043e\u0432, \u0440\u0435\u0441\u0442\u043e\u0440\u0430\u043d\u043e\u0432 \u0438 \u043a\u0443\u043b\u0438\u043d\u0430\u0440\u043d\u044b\u0445 \u0437\u0430\u0432\u0435\u0434\u0435\u043d\u0438\u0439, \u043f\u0440\u0438\u0433\u043b\u0430\u0448\u0430\u044e\u0449\u0438\u0445 \u043d\u0430\u0441\u043b\u0430\u0434\u0438\u0442\u044c\u0441\u044f \u0440\u0438\u0442\u043c\u043e\u043c \u0433\u043e\u0440\u043e\u0434\u0430.<\/p>\n\n\n\n<p>\u041e\u0442\u043b\u0438\u0447\u043d\u0430\u044f \u0441\u0435\u0442\u044c \u043e\u0431\u0449\u0435\u0441\u0442\u0432\u0435\u043d\u043d\u043e\u0433\u043e \u0442\u0440\u0430\u043d\u0441\u043f\u043e\u0440\u0442\u0430 \u0438 \u0443\u0434\u043e\u0431\u043d\u043e\u0435 \u0441\u043e\u043e\u0431\u0449\u0435\u043d\u0438\u0435 \u0441 \u043e\u0441\u043d\u043e\u0432\u043d\u044b\u043c\u0438 \u0433\u043e\u0440\u043e\u0434\u0441\u043a\u0438\u043c\u0438 \u043c\u0430\u0433\u0438\u0441\u0442\u0440\u0430\u043b\u044f\u043c\u0438 \u043e\u0431\u0435\u0441\u043f\u0435\u0447\u0438\u0432\u0430\u044e\u0442 \u043b\u0435\u0433\u043a\u0438\u0439 \u0434\u043e\u0441\u0442\u0443\u043f \u0432 \u043b\u044e\u0431\u0443\u044e \u0442\u043e\u0447\u043a\u0443 \u0411\u0430\u0440\u0441\u0435\u043b\u043e\u043d\u044b, \u043f\u0440\u0435\u0434\u043b\u0430\u0433\u0430\u044f \u0438\u0434\u0435\u0430\u043b\u044c\u043d\u044b\u0439 \u0431\u0430\u043b\u0430\u043d\u0441 \u043c\u0435\u0436\u0434\u0443 \u0441\u043f\u043e\u043a\u043e\u0439\u0441\u0442\u0432\u0438\u0435\u043c \u0436\u0438\u043b\u043e\u0433\u043e \u0440\u0430\u0439\u043e\u043d\u0430 \u0438 \u0443\u0434\u043e\u0431\u0441\u0442\u0432\u043e\u043c \u0436\u0438\u0437\u043d\u0438 \u0432 \u0446\u0435\u043d\u0442\u0440\u0435 \u0433\u043e\u0440\u043e\u0434\u0430.<\/p>\n\n\n\n<p>\u041f\u0440\u043e\u0435\u043a\u0442 \u043f\u043e\u0434\u0447\u0435\u0440\u043a\u0438\u0432\u0430\u0435\u0442 \u043e\u0440\u0438\u0433\u0438\u043d\u0430\u043b\u044c\u043d\u044b\u0439 \u0445\u0430\u0440\u0430\u043a\u0442\u0435\u0440 \u0432\u0435\u043b\u0438\u0447\u0435\u0441\u0442\u0432\u0435\u043d\u043d\u043e\u0433\u043e \u0437\u0434\u0430\u043d\u0438\u044f, \u043f\u0435\u0440\u0435\u043e\u0441\u043c\u044b\u0441\u043b\u0438\u0432\u0430\u044f \u0438 \u0430\u0434\u0430\u043f\u0442\u0438\u0440\u0443\u044f \u0435\u0433\u043e \u043a \u043f\u043e\u0442\u0440\u0435\u0431\u043d\u043e\u0441\u0442\u044f\u043c \u0441\u043e\u0432\u0440\u0435\u043c\u0435\u043d\u043d\u043e\u0439 \u0436\u0438\u0437\u043d\u0438, \u043d\u0435 \u0436\u0435\u0440\u0442\u0432\u0443\u044f \u043f\u0440\u0438 \u044d\u0442\u043e\u043c \u0435\u0433\u043e \u0441\u0443\u0449\u043d\u043e\u0441\u0442\u044c\u044e.<\/p>\n\n\n\n<p>\u041a\u0432\u0430\u0440\u0442\u0438\u0440\u0430 \u0441\u043f\u0440\u043e\u0435\u043a\u0442\u0438\u0440\u043e\u0432\u0430\u043d\u0430 \u0441 \u0443\u0447\u0435\u0442\u043e\u043c \u043f\u0440\u0438\u043e\u0440\u0438\u0442\u0435\u0442\u0430 \u0435\u0441\u0442\u0435\u0441\u0442\u0432\u0435\u043d\u043d\u043e\u0433\u043e \u043e\u0441\u0432\u0435\u0449\u0435\u043d\u0438\u044f \u0438 \u043f\u0440\u043e\u0441\u0442\u043e\u0440\u0430 \u0438 \u0432\u044b\u0445\u043e\u0434\u0438\u0442 \u0432\u043e \u0432\u043d\u0443\u0442\u0440\u0435\u043d\u043d\u0438\u0439 \u0434\u0432\u043e\u0440, \u0441 \u0432\u0438\u0434\u043e\u043c \u043d\u0430 \u043b\u0435\u0441\u043d\u043e\u0439 \u043f\u0430\u0440\u043a, \u043a\u043e\u0442\u043e\u0440\u044b\u0439 \u043e\u0431\u0435\u0441\u043f\u0435\u0447\u0438\u0432\u0430\u0435\u0442 \u0441\u0432\u0435\u0442, \u0441\u043f\u043e\u043a\u043e\u0439\u0441\u0442\u0432\u0438\u0435 \u0438 \u0443\u0435\u0434\u0438\u043d\u0435\u043d\u0438\u0435, \u043e\u0442\u0440\u0430\u0436\u0430\u044f \u0431\u043e\u043b\u0435\u0435 \u043a\u0430\u043c\u0435\u0440\u043d\u044b\u0439 \u0438 \u0436\u0438\u043b\u043e\u0439 \u0445\u0430\u0440\u0430\u043a\u0442\u0435\u0440 \u0431\u0430\u0440\u0441\u0435\u043b\u043e\u043d\u0441\u043a\u043e\u0433\u043e \u0440\u0430\u0439\u043e\u043d\u0430 l\u2019Eixample (Piso 1, 132.65m2 \u043d\u0430 \u043f\u0440\u043e\u0435\u043a\u0442\u0435 \u043f\u043b\u0430\u043d\u0430 \u043a\u0432\u0430\u0440\u0442\u0438\u0440\u044b). \u0414\u0440\u0443\u0433\u0430\u044f \u0432\u044b\u0445\u043e\u0434\u0438\u0442 \u043d\u0430 \u0443\u043b\u0438\u0446\u0443 Gran Via, \u0441 \u044d\u043b\u0435\u0433\u0430\u043d\u0442\u043d\u044b\u043c\u0438 \u0431\u0430\u043b\u043a\u043e\u043d\u0430\u043c\u0438 (\u0431\u0435\u0437 \u0442\u0435\u0440\u0440\u0430\u0441\u044b), \u043e\u0431\u0440\u0430\u043c\u043b\u044f\u044e\u0449\u0438\u043c\u0438 \u043f\u0440\u043e\u0441\u0442\u043e\u0440\u043d\u044b\u0435, \u0437\u0430\u043b\u0438\u0442\u044b\u0435 \u0441\u0432\u0435\u0442\u043e\u043c \u043a\u043e\u043c\u043d\u0430\u0442\u044b (Piso 2, 161.43m2 \u0438 \u043e\u0442 1.180.000 \u20ac \u043d\u0430 \u043f\u0440\u043e\u0435\u043a\u0442\u0435 \u043f\u043b\u0430\u043d\u0430 \u043a\u0432\u0430\u0440\u0442\u0438\u0440\u044b).<\/p>\n\n\n\n<p>\u0412 \u0430\u043f\u0430\u0440\u0442\u0430\u043c\u0435\u043d\u0442\u0430\u0445 \u0442\u0440\u0438 \u0441\u043f\u0430\u043b\u044c\u043d\u0438 \u0441 \u0432\u0430\u043d\u043d\u044b\u043c\u0438 \u043a\u043e\u043c\u043d\u0430\u0442\u0430\u043c\u0438 \u0438 \u0434\u0438\u0437\u0430\u0439\u043d, \u043c\u0430\u043a\u0441\u0438\u043c\u0430\u043b\u044c\u043d\u043e \u0438\u0441\u043f\u043e\u043b\u044c\u0437\u0443\u044e\u0449\u0438\u0439 \u0435\u0441\u0442\u0435\u0441\u0442\u0432\u0435\u043d\u043d\u043e\u0435 \u043e\u0441\u0432\u0435\u0449\u0435\u043d\u0438\u0435, \u0432\u0438\u0437\u0443\u0430\u043b\u044c\u043d\u0443\u044e \u0446\u0435\u043b\u043e\u0441\u0442\u043d\u043e\u0441\u0442\u044c \u0438 \u0441\u0432\u044f\u0437\u044c \u043c\u0435\u0436\u0434\u0443 \u043a\u043e\u043c\u043d\u0430\u0442\u0430\u043c\u0438.<\/p>\n\n\n\n<p>\u041a\u0432\u0430\u0440\u0442\u0438\u0440\u0430 \u0441\u043f\u0440\u043e\u0435\u043a\u0442\u0438\u0440\u043e\u0432\u0430\u043d\u0430 \u0442\u0430\u043a\u0438\u043c \u043e\u0431\u0440\u0430\u0437\u043e\u043c, \u0447\u0442\u043e\u0431\u044b \u043c\u0430\u043a\u0441\u0438\u043c\u0430\u043b\u044c\u043d\u043e \u0438\u0441\u043f\u043e\u043b\u044c\u0437\u043e\u0432\u0430\u0442\u044c \u0435\u0441\u0442\u0435\u0441\u0442\u0432\u0435\u043d\u043d\u043e\u0435 \u043e\u0441\u0432\u0435\u0449\u0435\u043d\u0438\u0435 \u0438 \u0441\u043e\u0437\u0434\u0430\u0432\u0430\u0442\u044c \u043f\u0440\u043e\u0441\u0442\u043e\u0440\u043d\u044b\u0435, \u0441\u0431\u0430\u043b\u0430\u043d\u0441\u0438\u0440\u043e\u0432\u0430\u043d\u043d\u044b\u0435 \u0438 \u0441\u0432\u0435\u0442\u043b\u044b\u0435 \u0436\u0438\u043b\u044b\u0435 \u043f\u0440\u043e\u0441\u0442\u0440\u0430\u043d\u0441\u0442\u0432\u0430.<\/p>\n\n\n\n<p>\u0416\u0438\u043b\u044b\u0435 \u0437\u043e\u043d\u044b \u043f\u043b\u0430\u0432\u043d\u043e \u043f\u0435\u0440\u0435\u0445\u043e\u0434\u044f\u0442 \u0432 \u043e\u0442\u043a\u0440\u044b\u0442\u043e\u0435 \u043f\u0440\u043e\u0441\u0442\u0440\u0430\u043d\u0441\u0442\u0432\u043e, \u0441\u043e\u0437\u0434\u0430\u0432\u0430\u044f \u043a\u043e\u043c\u0444\u043e\u0440\u0442\u043d\u0443\u044e \u0438 \u0443\u044e\u0442\u043d\u0443\u044e \u0430\u0442\u043c\u043e\u0441\u0444\u0435\u0440\u0443, \u0430 \u0432 \u0441\u043f\u0430\u043b\u044c\u043d\u044f\u0445 \u0443\u0441\u0442\u0430\u043d\u043e\u0432\u043b\u0435\u043d\u044b \u0432\u0441\u0442\u0440\u043e\u0435\u043d\u043d\u044b\u0435 \u0448\u043a\u0430\u0444\u044b, \u0441\u043e\u0447\u0435\u0442\u0430\u044e\u0449\u0438\u0435 \u0444\u0443\u043d\u043a\u0446\u0438\u043e\u043d\u0430\u043b\u044c\u043d\u043e\u0441\u0442\u044c \u0438 \u043e\u0440\u0433\u0430\u043d\u0438\u0437\u0430\u0446\u0438\u044e.<\/p>\n\n\n\n<p>\u041a\u0430\u0436\u0434\u0430\u044f \u0434\u0435\u0442\u0430\u043b\u044c \u0442\u0449\u0430\u0442\u0435\u043b\u044c\u043d\u043e \u043f\u0440\u043e\u0434\u0443\u043c\u0430\u043d\u0430 \u0434\u043b\u044f \u043e\u043f\u0442\u0438\u043c\u0438\u0437\u0430\u0446\u0438\u0438 \u043f\u0440\u043e\u0441\u0442\u0440\u0430\u043d\u0441\u0442\u0432\u0430 \u043f\u0440\u0430\u043a\u0442\u0438\u0447\u043d\u044b\u043c \u0438 \u0433\u043e\u0441\u0442\u0435\u043f\u0440\u0438\u0438\u043c\u043d\u044b\u043c \u043e\u0431\u0440\u0430\u0437\u043e\u043c, \u043e\u0431\u0435\u0441\u043f\u0435\u0447\u0438\u0432\u0430\u044f \u043a\u043e\u043c\u0444\u043e\u0440\u0442\u043d\u044b\u0435 \u0438 \u043f\u0440\u0438\u044f\u0442\u043d\u044b\u0435 \u0436\u0438\u043b\u044b\u0435 \u043f\u043e\u043c\u0435\u0449\u0435\u043d\u0438\u044f \u0434\u043b\u044f \u043f\u043e\u0432\u0441\u0435\u0434\u043d\u0435\u0432\u043d\u043e\u0439 \u0436\u0438\u0437\u043d\u0438.<\/p>\n\n\n\n<p>\u041a\u0443\u0445\u043d\u044f \u043e\u0442\u043b\u0438\u0447\u0430\u0435\u0442\u0441\u044f \u0441\u043e\u0432\u0440\u0435\u043c\u0435\u043d\u043d\u044b\u043c \u043c\u0438\u043d\u0438\u043c\u0430\u043b\u0438\u0441\u0442\u0438\u0447\u043d\u044b\u043c \u0434\u0438\u0437\u0430\u0439\u043d\u043e\u043c, \u0433\u0434\u0435 \u0442\u0435\u043f\u043b\u043e\u0442\u0430 \u0434\u0443\u0431\u0430 \u0441\u043e\u0447\u0435\u0442\u0430\u0435\u0442\u0441\u044f \u0441 \u0447\u0438\u0441\u0442\u044b\u043c\u0438 \u043b\u0438\u043d\u0438\u044f\u043c\u0438 \u0438 \u0441\u043e\u0432\u0440\u0435\u043c\u0435\u043d\u043d\u044b\u043c\u0438 \u043c\u0430\u0442\u0435\u0440\u0438\u0430\u043b\u0430\u043c\u0438. \u0414\u0435\u0440\u0435\u0432\u043e, \u043d\u0430\u0440\u044f\u0434\u0443 \u0441 \u043d\u0435\u0440\u0436\u0430\u0432\u0435\u044e\u0449\u0435\u0439 \u0441\u0442\u0430\u043b\u044c\u044e, \u0441\u043e\u0437\u0434\u0430\u0435\u0442 \u043e\u0440\u0433\u0430\u043d\u0438\u0437\u043e\u0432\u0430\u043d\u043d\u043e\u0435, \u044d\u043b\u0435\u0433\u0430\u043d\u0442\u043d\u043e\u0435 \u0438 \u043f\u043e\u043b\u043d\u043e\u0441\u0442\u044c\u044e \u0444\u0443\u043d\u043a\u0446\u0438\u043e\u043d\u0430\u043b\u044c\u043d\u043e\u0435 \u043f\u0440\u043e\u0441\u0442\u0440\u0430\u043d\u0441\u0442\u0432\u043e.<\/p>\n\n\n\n<p>\u041f\u0430\u0440\u043a\u0435\u0442\u043d\u044b\u0439 \u043f\u043e\u043b \u00ab\u0435\u043b\u043e\u0447\u043a\u043e\u0439\u00bb \u0434\u043e\u0431\u0430\u0432\u043b\u044f\u0435\u0442 \u0442\u0435\u043a\u0441\u0442\u0443\u0440\u0443 \u0438 \u0446\u0435\u043b\u043e\u0441\u0442\u043d\u043e\u0441\u0442\u044c, \u0438\u043d\u0442\u0435\u0433\u0440\u0438\u0440\u0443\u044f \u043a\u0443\u0445\u043d\u044e \u0441 \u043e\u0441\u0442\u0430\u043b\u044c\u043d\u043e\u0439 \u0447\u0430\u0441\u0442\u044c\u044e \u0434\u043e\u043c\u0430. \u041e\u0441\u043d\u0430\u0449\u0435\u043d\u043d\u044b\u0435 \u0431\u044b\u0442\u043e\u0432\u043e\u0439 \u0442\u0435\u0445\u043d\u0438\u043a\u043e\u0439 \u0432\u0435\u0434\u0443\u0449\u0438\u0445 \u0431\u0440\u0435\u043d\u0434\u043e\u0432 \u2014 \u0432\u0441\u0442\u0440\u043e\u0435\u043d\u043d\u044b\u043c \u0445\u043e\u043b\u043e\u0434\u0438\u043b\u044c\u043d\u0438\u043a\u043e\u043c \u0438 \u043f\u043e\u0441\u0443\u0434\u043e\u043c\u043e\u0435\u0447\u043d\u043e\u0439 \u043c\u0430\u0448\u0438\u043d\u043e\u0439, \u0434\u0443\u0445\u043e\u0432\u043a\u043e\u0439 \u0438 \u043c\u0438\u043a\u0440\u043e\u0432\u043e\u043b\u043d\u043e\u0432\u043e\u0439 \u043f\u0435\u0447\u044c\u044e \u2014 \u044d\u0442\u0438 \u043a\u0443\u0445\u043d\u0438 \u0434\u043e\u0441\u0442\u0438\u0433\u0430\u044e\u0442 \u0438\u0434\u0435\u0430\u043b\u044c\u043d\u043e\u0433\u043e \u0431\u0430\u043b\u0430\u043d\u0441\u0430 \u043c\u0435\u0436\u0434\u0443 \u044d\u0441\u0442\u0435\u0442\u0438\u043a\u043e\u0439, \u043a\u0430\u0447\u0435\u0441\u0442\u0432\u043e\u043c \u0438 \u043f\u0440\u0430\u043a\u0442\u0438\u0447\u043d\u043e\u0441\u0442\u044c\u044e.<\/p>\n\n\n\n<p>\u0412\u0430\u043d\u043d\u044b\u0435 \u043a\u043e\u043c\u043d\u0430\u0442\u044b, \u0432\u044b\u043f\u043e\u043b\u043d\u0435\u043d\u043d\u044b\u0435 \u0432 \u043c\u0438\u043d\u0438\u043c\u0430\u043b\u0438\u0441\u0442\u0438\u0447\u043d\u043e\u043c \u0438 \u0444\u0443\u043d\u043a\u0446\u0438\u043e\u043d\u0430\u043b\u044c\u043d\u043e\u043c \u0441\u0442\u0438\u043b\u0435, \u044d\u043b\u0435\u0433\u0430\u043d\u0442\u043d\u043e \u0438\u043d\u0442\u0435\u0433\u0440\u0438\u0440\u043e\u0432\u0430\u043d\u044b \u0432 \u0434\u043e\u043c, \u0441 \u0432\u043d\u0438\u043c\u0430\u043d\u0438\u0435\u043c \u043a \u0433\u0430\u0440\u043c\u043e\u043d\u0438\u0438 \u0438 \u0434\u0438\u0437\u0430\u0439\u043d\u0443 \u0432 \u043a\u0430\u0436\u0434\u043e\u0439 \u0434\u0435\u0442\u0430\u043b\u0438.<\/p>\n\n\n\n<p>\u041c\u0435\u0431\u0435\u043b\u044c, \u0438\u0437\u0433\u043e\u0442\u043e\u0432\u043b\u0435\u043d\u043d\u0430\u044f \u043d\u0430 \u0437\u0430\u043a\u0430\u0437, \u0432\u0441\u0442\u0440\u043e\u0435\u043d\u043d\u044b\u0435 \u0434\u0443\u0448\u0435\u0432\u044b\u0435 \u043f\u043e\u0434\u0434\u043e\u043d\u044b \u0438 \u0441\u0442\u0435\u043a\u043b\u044f\u043d\u043d\u044b\u0435 \u0434\u0443\u0448\u0435\u0432\u044b\u0435 \u043a\u0430\u0431\u0438\u043d\u044b \u0441\u043e\u0437\u0434\u0430\u044e\u0442 \u0441\u0431\u0430\u043b\u0430\u043d\u0441\u0438\u0440\u043e\u0432\u0430\u043d\u043d\u044b\u0435 \u0438 \u0441\u043e\u0432\u0440\u0435\u043c\u0435\u043d\u043d\u044b\u0435 \u043f\u0440\u043e\u0441\u0442\u0440\u0430\u043d\u0441\u0442\u0432\u0430, \u0430 \u0441\u043c\u0435\u0441\u0438\u0442\u0435\u043b\u0438 \u0441 \u043c\u0430\u0442\u043e\u0432\u043e\u0439 \u043e\u0442\u0434\u0435\u043b\u043a\u043e\u0439, \u043f\u043e\u0434\u0432\u0435\u0441\u043d\u044b\u0435 \u0443\u043d\u0438\u0442\u0430\u0437\u044b \u0438 \u043f\u0440\u044f\u043c\u043e\u0443\u0433\u043e\u043b\u044c\u043d\u044b\u0435 \u0440\u0430\u043a\u043e\u0432\u0438\u043d\u044b \u0434\u043e\u0431\u0430\u0432\u043b\u044f\u044e\u0442 \u0438\u0437\u044b\u0441\u043a\u0430\u043d\u043d\u043e\u0441\u0442\u0438.<\/p>\n\n\n\n<p>\u0412 \u043a\u0430\u0447\u0435\u0441\u0442\u0432\u0435 \u0446\u0435\u043d\u0442\u0440\u0430\u043b\u044c\u043d\u043e\u0433\u043e \u044d\u043b\u0435\u043c\u0435\u043d\u0442\u0430, \u0433\u043b\u0430\u0432\u043d\u0430\u044f \u0441\u0442\u0435\u043d\u0430, \u043e\u0431\u043b\u0438\u0446\u043e\u0432\u0430\u043d\u043d\u0430\u044f \u0444\u0430\u043a\u0442\u0443\u0440\u043d\u044b\u043c \u0444\u0430\u0440\u0444\u043e\u0440\u043e\u043c, \u0434\u043e\u0431\u0430\u0432\u043b\u044f\u0435\u0442 \u0442\u0435\u043f\u043b\u0430 \u0438 \u0438\u043d\u0434\u0438\u0432\u0438\u0434\u0443\u0430\u043b\u044c\u043d\u043e\u0441\u0442\u0438, \u0441\u0442\u0430\u043d\u043e\u0432\u044f\u0441\u044c \u043e\u043f\u0440\u0435\u0434\u0435\u043b\u044f\u044e\u0449\u0435\u0439 \u0447\u0435\u0440\u0442\u043e\u0439 \u0430\u0442\u043c\u043e\u0441\u0444\u0435\u0440\u044b.<\/p>\n\n\n\n<p>\u0412 \u0430\u043f\u0430\u0440\u0442\u0430\u043c\u0435\u043d\u0442\u0430\u0445 \u043f\u043e\u043b\u043d\u043e\u0441\u0442\u044c\u044e \u043e\u0431\u043d\u043e\u0432\u043b\u0435\u043d\u044b \u044d\u043b\u0435\u043a\u0442\u0440\u0438\u0447\u0435\u0441\u043a\u0438\u0435, \u0432\u043e\u0434\u043e\u043f\u0440\u043e\u0432\u043e\u0434\u043d\u044b\u0435 \u0438 \u0442\u0435\u043b\u0435\u043a\u043e\u043c\u043c\u0443\u043d\u0438\u043a\u0430\u0446\u0438\u043e\u043d\u043d\u044b\u0435 \u0441\u0438\u0441\u0442\u0435\u043c\u044b, \u0443\u0441\u0442\u0430\u043d\u043e\u0432\u043b\u0435\u043d\u044b \u0432\u044b\u0441\u043e\u043a\u043e\u043a\u0430\u0447\u0435\u0441\u0442\u0432\u0435\u043d\u043d\u044b\u0435 \u043c\u0430\u0442\u0435\u0440\u0438\u0430\u043b\u044b, \u0433\u0430\u0440\u0430\u043d\u0442\u0438\u0440\u0443\u044e\u0449\u0438\u0435 \u0431\u0435\u0437\u043e\u043f\u0430\u0441\u043d\u043e\u0441\u0442\u044c, \u043f\u0440\u043e\u0447\u043d\u043e\u0441\u0442\u044c \u0438 \u0434\u043e\u043b\u0433\u043e\u0432\u0435\u0447\u043d\u043e\u0441\u0442\u044c.<\/p>\n\n\n\n<p>\u0410\u044d\u0440\u043e\u0442\u0435\u0440\u043c\u0438\u0447\u0435\u0441\u043a\u0430\u044f \u0441\u0438\u0441\u0442\u0435\u043c\u0430 \u043e\u0431\u0435\u0441\u043f\u0435\u0447\u0438\u0432\u0430\u0435\u0442 \u044d\u0444\u0444\u0435\u043a\u0442\u0438\u0432\u043d\u043e\u0435 \u043e\u0442\u043e\u043f\u043b\u0435\u043d\u0438\u0435 \u0438 \u043e\u0445\u043b\u0430\u0436\u0434\u0435\u043d\u0438\u0435 \u043a\u0430\u043a \u043b\u0435\u0442\u043e\u043c, \u0442\u0430\u043a \u0438 \u0437\u0438\u043c\u043e\u0439, \u0430 \u0442\u0430\u043a\u0436\u0435 \u043a\u0440\u0443\u0433\u043b\u043e\u0433\u043e\u0434\u0438\u0447\u043d\u043e\u0435 \u0433\u043e\u0440\u044f\u0447\u0435\u0435 \u0432\u043e\u0434\u043e\u0441\u043d\u0430\u0431\u0436\u0435\u043d\u0438\u0435, \u043f\u0440\u0435\u0434\u043b\u0430\u0433\u0430\u044f \u0432\u044b\u0441\u043e\u043a\u0438\u0439 \u0443\u0440\u043e\u0432\u0435\u043d\u044c \u043a\u043e\u043c\u0444\u043e\u0440\u0442\u0430, \u044d\u043d\u0435\u0440\u0433\u043e\u044d\u0444\u0444\u0435\u043a\u0442\u0438\u0432\u043d\u043e\u0441\u0442\u044c \u0438 \u043f\u0440\u0438\u0432\u0435\u0440\u0436\u0435\u043d\u043d\u043e\u0441\u0442\u044c \u043f\u0440\u0438\u043d\u0446\u0438\u043f\u0430\u043c \u0443\u0441\u0442\u043e\u0439\u0447\u0438\u0432\u043e\u0433\u043e \u0440\u0430\u0437\u0432\u0438\u0442\u0438\u044f.<\/p>\n","protected":false},"excerpt":{"rendered":"<p>*\u041f\u0440\u0435\u0434\u043b\u0430\u0433\u0430\u0435\u0442\u0441\u044f 2 \u043a\u0432\u0430\u0440\u0442\u0438\u0440\u044b \u041e\u0442\u043a\u0440\u043e\u0439\u0442\u0435 \u0434\u043b\u044f \u0441\u0435\u0431\u044f \u0443\u043d\u0438\u043a\u0430\u043b\u044c\u043d\u0443\u044e \u0432\u043e\u0437\u043c\u043e\u0436\u043d\u043e\u0441\u0442\u044c \u0432 \u0441\u0430\u043c\u043e\u043c \u0441\u0435\u0440\u0434\u0446\u0435 \u0433\u043e\u0440\u043e\u0434\u0430. \u041d\u0430 \u0443\u043b\u0438\u0446\u0435 la Gran Via de les Corts Catalanes \u0440\u0430\u0441\u043f\u043e\u043b\u043e\u0436\u0435\u043d\u0430 \u044d\u043a\u0441\u043a\u043b\u044e\u0437\u0438\u0432\u043d\u0430\u044f \u0440\u0435\u0437\u0438\u0434\u0435\u043d\u0446\u0438\u044f \u0432 \u0440\u043e\u0441\u043a\u043e\u0448\u043d\u043e\u0439 \u0443\u0441\u0430\u0434\u044c\u0431\u0435 \u0432 \u0432\u0435\u043b\u0438\u0447\u0435\u0441\u0442\u0432\u0435\u043d\u043d\u043e\u043c \u0441\u0442\u0438\u043b\u0435, \u043f\u0440\u0438\u0433\u043b\u0430\u0448\u0430\u0435\u043c \u0412\u0430\u0441 \u043d\u0430\u0441\u043b\u0430\u0434\u0438\u0442\u044c\u0441\u044f \u043e\u0431\u0440\u0430\u0437\u043e\u043c \u0436\u0438\u0437\u043d\u0438, \u0433\u0434\u0435 \u0438\u0441\u0442\u043e\u0440\u0438\u044f \u0438 \u0441\u043e\u0432\u0440\u0435\u043c\u0435\u043d\u043d\u043e\u0441\u0442\u044c \u0441\u043e\u0441\u0443\u0449\u0435\u0441\u0442\u0432\u0443\u044e\u0442 \u0432 \u0438\u0434\u0435\u0430\u043b\u044c\u043d\u043e\u0439 \u0433\u0430\u0440\u043c\u043e\u043d\u0438\u0438. \u041f\u0440\u043e\u0441\u0442\u043e\u0440\u043d\u044b\u0435 \u043a\u043e\u043c\u043d\u0430\u0442\u044b, \u043d\u0430\u043f\u043e\u043b\u043d\u0435\u043d\u043d\u044b\u0435 \u0435\u0441\u0442\u0435\u0441\u0442\u0432\u0435\u043d\u043d\u044b\u043c \u0441\u0432\u0435\u0442\u043e\u043c, \u0442\u0449\u0430\u0442\u0435\u043b\u044c\u043d\u043e \u0441\u043f\u0440\u043e\u0435\u043a\u0442\u0438\u0440\u043e\u0432\u0430\u043d\u044b \u0438 \u043f\u043e\u0434\u0447\u0435\u0440\u043a\u0438\u0432\u0430\u044e\u0442 \u0438\u0437\u044b\u0441\u043a\u0430\u043d\u043d\u044b\u0439 \u0445\u0430\u0440\u0430\u043a\u0442\u0435\u0440 \u043e\u0431\u044a\u0435\u043a\u0442\u0430,&#8230;<\/p>\n","protected":false},"author":3,"featured_media":15868,"parent":0,"menu_order":0,"comment_status":"open","ping_status":"closed","template":"","property-features":[32,33,25,31,234,29],"property-types":[21],"property-cities":[35],"property-statuses":[28],"class_list":["post-15884","property","type-property","status-publish","has-post-thumbnail","hentry","property-feature-vstroennye-shkafy","property-feature-konditsioner","property-feature-oborudovannaya-kuhnya","property-feature-parket","property-feature-supermarket","property-feature-terrasa","property-type-kvartira","property-city-barcelona-ru","property-status-prodazha"],"property_meta":{"REAL_HOMES_property_price":"1150000","REAL_HOMES_property_old_price":"","REAL_HOMES_property_price_prefix":"","REAL_HOMES_property_price_postfix":"","REAL_HOMES_property_size":"132.65","REAL_HOMES_property_size_postfix":"m2","REAL_HOMES_property_lot_size":"","REAL_HOMES_property_lot_size_postfix":"","REAL_HOMES_property_bedrooms":"3","REAL_HOMES_property_bathrooms":"4","REAL_HOMES_property_garage":"","REAL_HOMES_property_id":"VV2601.65","REAL_HOMES_property_year_built":"","REAL_HOMES_featured":"0","REAL_HOMES_additional_details_list":[],"REAL_HOMES_property_location":{"latitude":"41.3767385","longitude":"2.1517317","zoom":"12"},"REAL_HOMES_property_address":"Gran Via de les Corts Catalanes (lateral mar), Sant Antoni, \u042d\u0448\u0430\u043c\u043f\u043b\u0435, Barcelona, Barcelon\u00e9s, Barcelona, Catalu\u00f1a, 08015, Espa\u00f1a","REAL_HOMES_property_map":"","REAL_HOMES_property_images":[{"width":150,"height":150,"file":"2026\/01\/02-salon_v2-scaled-1.jpg","filesize":496494,"sizes":{"medium":{"file":"02-salon_v2-scaled-1-300x200.jpg","width":300,"height":200,"mime-type":"image\/jpeg","filesize":26472,"url":"https:\/\/avenidarealty.es\/wp-content\/uploads\/2026\/01\/02-salon_v2-scaled-1-300x200.jpg"},"large":{"file":"02-salon_v2-scaled-1-1024x683.jpg","width":1024,"height":683,"mime-type":"image\/jpeg","filesize":105618,"url":"https:\/\/avenidarealty.es\/wp-content\/uploads\/2026\/01\/02-salon_v2-scaled-1-1024x683.jpg"},"thumbnail":{"file":"02-salon_v2-scaled-1-150x150.jpg","width":150,"height":150,"mime-type":"image\/jpeg","filesize":19627,"url":"https:\/\/avenidarealty.es\/wp-content\/uploads\/2026\/01\/02-salon_v2-scaled-1-150x150.jpg"},"medium_large":{"file":"02-salon_v2-scaled-1-768x512.jpg","width":768,"height":512,"mime-type":"image\/jpeg","filesize":70302,"url":"https:\/\/avenidarealty.es\/wp-content\/uploads\/2026\/01\/02-salon_v2-scaled-1-768x512.jpg"},"1536x1536":{"file":"02-salon_v2-scaled-1-1536x1024.jpg","width":1536,"height":1024,"mime-type":"image\/jpeg","filesize":199515,"url":"https:\/\/avenidarealty.es\/wp-content\/uploads\/2026\/01\/02-salon_v2-scaled-1-1536x1024.jpg"},"2048x2048":{"file":"02-salon_v2-scaled-1-2048x1366.jpg","width":2048,"height":1366,"mime-type":"image\/jpeg","filesize":319290,"url":"https:\/\/avenidarealty.es\/wp-content\/uploads\/2026\/01\/02-salon_v2-scaled-1-2048x1366.jpg"},"post-thumbnail":{"file":"02-salon_v2-scaled-1-150x100.jpg","width":150,"height":100,"mime-type":"image\/jpeg","filesize":18482,"url":"https:\/\/avenidarealty.es\/wp-content\/uploads\/2026\/01\/02-salon_v2-scaled-1-150x100.jpg"},"modern-property-child-slider":{"file":"02-salon_v2-scaled-1-680x510.jpg","width":680,"height":510,"mime-type":"image\/jpeg","filesize":64462,"url":"https:\/\/avenidarealty.es\/wp-content\/uploads\/2026\/01\/02-salon_v2-scaled-1-680x510.jpg"},"property-thumb-image":{"file":"02-salon_v2-scaled-1-488x326.jpg","width":488,"height":326,"mime-type":"image\/jpeg","filesize":41189,"url":"https:\/\/avenidarealty.es\/wp-content\/uploads\/2026\/01\/02-salon_v2-scaled-1-488x326.jpg"},"property-detail-video-image":{"file":"02-salon_v2-scaled-1-818x417.jpg","width":818,"height":417,"mime-type":"image\/jpeg","filesize":66444,"url":"https:\/\/avenidarealty.es\/wp-content\/uploads\/2026\/01\/02-salon_v2-scaled-1-818x417.jpg"},"agent-image":{"file":"02-salon_v2-scaled-1-210x210.jpg","width":210,"height":210,"mime-type":"image\/jpeg","filesize":23706,"url":"https:\/\/avenidarealty.es\/wp-content\/uploads\/2026\/01\/02-salon_v2-scaled-1-210x210.jpg"},"partners-logo":{"file":"02-salon_v2-scaled-1-600x1707.jpg","width":600,"height":1707,"mime-type":"image\/jpeg","filesize":114732,"url":"https:\/\/avenidarealty.es\/wp-content\/uploads\/2026\/01\/02-salon_v2-scaled-1-600x1707.jpg"},"post-featured-image":{"file":"02-salon_v2-scaled-1-1240x720.jpg","width":1240,"height":720,"mime-type":"image\/jpeg","filesize":129838,"url":"https:\/\/avenidarealty.es\/wp-content\/uploads\/2026\/01\/02-salon_v2-scaled-1-1240x720.jpg"},"woocommerce_thumbnail":{"file":"02-salon_v2-scaled-1-300x300.jpg","width":300,"height":300,"mime-type":"image\/jpeg","filesize":30266,"uncropped":false,"url":"https:\/\/avenidarealty.es\/wp-content\/uploads\/2026\/01\/02-salon_v2-scaled-1-300x300.jpg"},"woocommerce_single":{"file":"02-salon_v2-scaled-1-600x400.jpg","width":600,"height":400,"mime-type":"image\/jpeg","filesize":51348,"url":"https:\/\/avenidarealty.es\/wp-content\/uploads\/2026\/01\/02-salon_v2-scaled-1-600x400.jpg"},"woocommerce_gallery_thumbnail":{"file":"02-salon_v2-scaled-1-100x100.jpg","width":100,"height":100,"mime-type":"image\/jpeg","filesize":17204,"url":"https:\/\/avenidarealty.es\/wp-content\/uploads\/2026\/01\/02-salon_v2-scaled-1-100x100.jpg"},"cmplz_banner_image":{"file":"02-salon_v2-scaled-1-350x100.jpg","width":350,"height":100,"mime-type":"image\/jpeg","filesize":22867,"url":"https:\/\/avenidarealty.es\/wp-content\/uploads\/2026\/01\/02-salon_v2-scaled-1-350x100.jpg"}},"image_meta":{"aperture":"0","credit":"","camera":"","caption":"Upscaled with Gigapixel v1.0.3. 2160x1440 =&gt; 3240x2160 (1.5x) Model: Standard V2, denoise: 0.06, sharpen: 0.14, decompression: 0.01","created_timestamp":"1764094556","copyright":"","focal_length":"0","iso":"0","shutter_speed":"0","title":"","orientation":"1","keywords":[]},"ID":"15833","name":"02-salon_v2-scaled-1.jpg","path":"\/sites\/avenidarealty.es\/wp-content\/uploads\/2026\/01\/02-salon_v2-scaled-1.jpg","url":"https:\/\/avenidarealty.es\/wp-content\/uploads\/2026\/01\/02-salon_v2-scaled-1-150x150.jpg","full_url":"https:\/\/avenidarealty.es\/wp-content\/uploads\/2026\/01\/02-salon_v2-scaled-1.jpg","title":"02-salon_v2-scaled","caption":"Upscaled with Gigapixel v1.0.3. 2160x1440 =&gt; 3240x2160 (1.5x) Model: Standard V2, denoise: 0.06, sharpen: 0.14, decompression: 0.01","description":"","alt":"Gran Via","srcset":"https:\/\/avenidarealty.es\/wp-content\/uploads\/2026\/01\/02-salon_v2-scaled-1-150x150.jpg 150w, https:\/\/avenidarealty.es\/wp-content\/uploads\/2026\/01\/02-salon_v2-scaled-1-210x210.jpg 210w, https:\/\/avenidarealty.es\/wp-content\/uploads\/2026\/01\/02-salon_v2-scaled-1-300x300.jpg 300w, https:\/\/avenidarealty.es\/wp-content\/uploads\/2026\/01\/02-salon_v2-scaled-1-100x100.jpg 100w"},{"width":150,"height":150,"file":"2026\/01\/salon-03_v2-scaled-1.jpg","filesize":493865,"sizes":{"medium":{"file":"salon-03_v2-scaled-1-300x200.jpg","width":300,"height":200,"mime-type":"image\/jpeg","filesize":26407,"url":"https:\/\/avenidarealty.es\/wp-content\/uploads\/2026\/01\/salon-03_v2-scaled-1-300x200.jpg"},"large":{"file":"salon-03_v2-scaled-1-1024x683.jpg","width":1024,"height":683,"mime-type":"image\/jpeg","filesize":105311,"url":"https:\/\/avenidarealty.es\/wp-content\/uploads\/2026\/01\/salon-03_v2-scaled-1-1024x683.jpg"},"thumbnail":{"file":"salon-03_v2-scaled-1-150x150.jpg","width":150,"height":150,"mime-type":"image\/jpeg","filesize":19912,"url":"https:\/\/avenidarealty.es\/wp-content\/uploads\/2026\/01\/salon-03_v2-scaled-1-150x150.jpg"},"medium_large":{"file":"salon-03_v2-scaled-1-768x512.jpg","width":768,"height":512,"mime-type":"image\/jpeg","filesize":69579,"url":"https:\/\/avenidarealty.es\/wp-content\/uploads\/2026\/01\/salon-03_v2-scaled-1-768x512.jpg"},"1536x1536":{"file":"salon-03_v2-scaled-1-1536x1024.jpg","width":1536,"height":1024,"mime-type":"image\/jpeg","filesize":197992,"url":"https:\/\/avenidarealty.es\/wp-content\/uploads\/2026\/01\/salon-03_v2-scaled-1-1536x1024.jpg"},"2048x2048":{"file":"salon-03_v2-scaled-1-2048x1366.jpg","width":2048,"height":1366,"mime-type":"image\/jpeg","filesize":318236,"url":"https:\/\/avenidarealty.es\/wp-content\/uploads\/2026\/01\/salon-03_v2-scaled-1-2048x1366.jpg"},"post-thumbnail":{"file":"salon-03_v2-scaled-1-150x100.jpg","width":150,"height":100,"mime-type":"image\/jpeg","filesize":18370,"url":"https:\/\/avenidarealty.es\/wp-content\/uploads\/2026\/01\/salon-03_v2-scaled-1-150x100.jpg"},"modern-property-child-slider":{"file":"salon-03_v2-scaled-1-680x510.jpg","width":680,"height":510,"mime-type":"image\/jpeg","filesize":66988,"url":"https:\/\/avenidarealty.es\/wp-content\/uploads\/2026\/01\/salon-03_v2-scaled-1-680x510.jpg"},"property-thumb-image":{"file":"salon-03_v2-scaled-1-488x326.jpg","width":488,"height":326,"mime-type":"image\/jpeg","filesize":40841,"url":"https:\/\/avenidarealty.es\/wp-content\/uploads\/2026\/01\/salon-03_v2-scaled-1-488x326.jpg"},"property-detail-video-image":{"file":"salon-03_v2-scaled-1-818x417.jpg","width":818,"height":417,"mime-type":"image\/jpeg","filesize":66656,"url":"https:\/\/avenidarealty.es\/wp-content\/uploads\/2026\/01\/salon-03_v2-scaled-1-818x417.jpg"},"agent-image":{"file":"salon-03_v2-scaled-1-210x210.jpg","width":210,"height":210,"mime-type":"image\/jpeg","filesize":24173,"url":"https:\/\/avenidarealty.es\/wp-content\/uploads\/2026\/01\/salon-03_v2-scaled-1-210x210.jpg"},"partners-logo":{"file":"salon-03_v2-scaled-1-600x1707.jpg","width":600,"height":1707,"mime-type":"image\/jpeg","filesize":152253,"url":"https:\/\/avenidarealty.es\/wp-content\/uploads\/2026\/01\/salon-03_v2-scaled-1-600x1707.jpg"},"post-featured-image":{"file":"salon-03_v2-scaled-1-1240x720.jpg","width":1240,"height":720,"mime-type":"image\/jpeg","filesize":130841,"url":"https:\/\/avenidarealty.es\/wp-content\/uploads\/2026\/01\/salon-03_v2-scaled-1-1240x720.jpg"},"woocommerce_thumbnail":{"file":"salon-03_v2-scaled-1-300x300.jpg","width":300,"height":300,"mime-type":"image\/jpeg","filesize":31613,"uncropped":false,"url":"https:\/\/avenidarealty.es\/wp-content\/uploads\/2026\/01\/salon-03_v2-scaled-1-300x300.jpg"},"woocommerce_single":{"file":"salon-03_v2-scaled-1-600x400.jpg","width":600,"height":400,"mime-type":"image\/jpeg","filesize":51255,"url":"https:\/\/avenidarealty.es\/wp-content\/uploads\/2026\/01\/salon-03_v2-scaled-1-600x400.jpg"},"woocommerce_gallery_thumbnail":{"file":"salon-03_v2-scaled-1-100x100.jpg","width":100,"height":100,"mime-type":"image\/jpeg","filesize":17325,"url":"https:\/\/avenidarealty.es\/wp-content\/uploads\/2026\/01\/salon-03_v2-scaled-1-100x100.jpg"},"cmplz_banner_image":{"file":"salon-03_v2-scaled-1-350x100.jpg","width":350,"height":100,"mime-type":"image\/jpeg","filesize":23069,"url":"https:\/\/avenidarealty.es\/wp-content\/uploads\/2026\/01\/salon-03_v2-scaled-1-350x100.jpg"}},"image_meta":{"aperture":"0","credit":"","camera":"","caption":"Upscaled with Gigapixel v1.0.3. 2160x1440 =&gt; 3240x2160 (1.5x) Model: Standard V2, denoise: 0.06, sharpen: 0.14, decompression: 0.01","created_timestamp":"1763472299","copyright":"","focal_length":"0","iso":"0","shutter_speed":"0","title":"","orientation":"1","keywords":[]},"ID":"15860","name":"salon-03_v2-scaled-1.jpg","path":"\/sites\/avenidarealty.es\/wp-content\/uploads\/2026\/01\/salon-03_v2-scaled-1.jpg","url":"https:\/\/avenidarealty.es\/wp-content\/uploads\/2026\/01\/salon-03_v2-scaled-1-150x150.jpg","full_url":"https:\/\/avenidarealty.es\/wp-content\/uploads\/2026\/01\/salon-03_v2-scaled-1.jpg","title":"salon-03_v2-scaled","caption":"Upscaled with Gigapixel v1.0.3. 2160x1440 =&gt; 3240x2160 (1.5x) Model: Standard V2, denoise: 0.06, sharpen: 0.14, decompression: 0.01","description":"Gran Via","alt":"","srcset":"https:\/\/avenidarealty.es\/wp-content\/uploads\/2026\/01\/salon-03_v2-scaled-1-150x150.jpg 150w, https:\/\/avenidarealty.es\/wp-content\/uploads\/2026\/01\/salon-03_v2-scaled-1-210x210.jpg 210w, https:\/\/avenidarealty.es\/wp-content\/uploads\/2026\/01\/salon-03_v2-scaled-1-300x300.jpg 300w, https:\/\/avenidarealty.es\/wp-content\/uploads\/2026\/01\/salon-03_v2-scaled-1-100x100.jpg 100w"},{"width":150,"height":150,"file":"2026\/01\/02-comedor_v2-1-scaled-1.jpg","filesize":467945,"sizes":{"medium":{"file":"02-comedor_v2-1-scaled-1-300x200.jpg","width":300,"height":200,"mime-type":"image\/jpeg","filesize":24808,"url":"https:\/\/avenidarealty.es\/wp-content\/uploads\/2026\/01\/02-comedor_v2-1-scaled-1-300x200.jpg"},"large":{"file":"02-comedor_v2-1-scaled-1-1024x683.jpg","width":1024,"height":683,"mime-type":"image\/jpeg","filesize":98402,"url":"https:\/\/avenidarealty.es\/wp-content\/uploads\/2026\/01\/02-comedor_v2-1-scaled-1-1024x683.jpg"},"thumbnail":{"file":"02-comedor_v2-1-scaled-1-150x150.jpg","width":150,"height":150,"mime-type":"image\/jpeg","filesize":18255,"url":"https:\/\/avenidarealty.es\/wp-content\/uploads\/2026\/01\/02-comedor_v2-1-scaled-1-150x150.jpg"},"medium_large":{"file":"02-comedor_v2-1-scaled-1-768x512.jpg","width":768,"height":512,"mime-type":"image\/jpeg","filesize":64730,"url":"https:\/\/avenidarealty.es\/wp-content\/uploads\/2026\/01\/02-comedor_v2-1-scaled-1-768x512.jpg"},"1536x1536":{"file":"02-comedor_v2-1-scaled-1-1536x1024.jpg","width":1536,"height":1024,"mime-type":"image\/jpeg","filesize":187275,"url":"https:\/\/avenidarealty.es\/wp-content\/uploads\/2026\/01\/02-comedor_v2-1-scaled-1-1536x1024.jpg"},"2048x2048":{"file":"02-comedor_v2-1-scaled-1-2048x1366.jpg","width":2048,"height":1366,"mime-type":"image\/jpeg","filesize":301057,"url":"https:\/\/avenidarealty.es\/wp-content\/uploads\/2026\/01\/02-comedor_v2-1-scaled-1-2048x1366.jpg"},"post-thumbnail":{"file":"02-comedor_v2-1-scaled-1-150x100.jpg","width":150,"height":100,"mime-type":"image\/jpeg","filesize":17403,"url":"https:\/\/avenidarealty.es\/wp-content\/uploads\/2026\/01\/02-comedor_v2-1-scaled-1-150x100.jpg"},"modern-property-child-slider":{"file":"02-comedor_v2-1-scaled-1-680x510.jpg","width":680,"height":510,"mime-type":"image\/jpeg","filesize":56761,"url":"https:\/\/avenidarealty.es\/wp-content\/uploads\/2026\/01\/02-comedor_v2-1-scaled-1-680x510.jpg"},"property-thumb-image":{"file":"02-comedor_v2-1-scaled-1-488x326.jpg","width":488,"height":326,"mime-type":"image\/jpeg","filesize":37866,"url":"https:\/\/avenidarealty.es\/wp-content\/uploads\/2026\/01\/02-comedor_v2-1-scaled-1-488x326.jpg"},"property-detail-video-image":{"file":"02-comedor_v2-1-scaled-1-818x417.jpg","width":818,"height":417,"mime-type":"image\/jpeg","filesize":62028,"url":"https:\/\/avenidarealty.es\/wp-content\/uploads\/2026\/01\/02-comedor_v2-1-scaled-1-818x417.jpg"},"agent-image":{"file":"02-comedor_v2-1-scaled-1-210x210.jpg","width":210,"height":210,"mime-type":"image\/jpeg","filesize":21661,"url":"https:\/\/avenidarealty.es\/wp-content\/uploads\/2026\/01\/02-comedor_v2-1-scaled-1-210x210.jpg"},"partners-logo":{"file":"02-comedor_v2-1-scaled-1-600x1707.jpg","width":600,"height":1707,"mime-type":"image\/jpeg","filesize":129677,"url":"https:\/\/avenidarealty.es\/wp-content\/uploads\/2026\/01\/02-comedor_v2-1-scaled-1-600x1707.jpg"},"post-featured-image":{"file":"02-comedor_v2-1-scaled-1-1240x720.jpg","width":1240,"height":720,"mime-type":"image\/jpeg","filesize":120447,"url":"https:\/\/avenidarealty.es\/wp-content\/uploads\/2026\/01\/02-comedor_v2-1-scaled-1-1240x720.jpg"},"woocommerce_thumbnail":{"file":"02-comedor_v2-1-scaled-1-300x300.jpg","width":300,"height":300,"mime-type":"image\/jpeg","filesize":27514,"uncropped":false,"url":"https:\/\/avenidarealty.es\/wp-content\/uploads\/2026\/01\/02-comedor_v2-1-scaled-1-300x300.jpg"},"woocommerce_single":{"file":"02-comedor_v2-1-scaled-1-600x400.jpg","width":600,"height":400,"mime-type":"image\/jpeg","filesize":47810,"url":"https:\/\/avenidarealty.es\/wp-content\/uploads\/2026\/01\/02-comedor_v2-1-scaled-1-600x400.jpg"},"woocommerce_gallery_thumbnail":{"file":"02-comedor_v2-1-scaled-1-100x100.jpg","width":100,"height":100,"mime-type":"image\/jpeg","filesize":16173,"url":"https:\/\/avenidarealty.es\/wp-content\/uploads\/2026\/01\/02-comedor_v2-1-scaled-1-100x100.jpg"},"cmplz_banner_image":{"file":"02-comedor_v2-1-scaled-1-350x100.jpg","width":350,"height":100,"mime-type":"image\/jpeg","filesize":21585,"url":"https:\/\/avenidarealty.es\/wp-content\/uploads\/2026\/01\/02-comedor_v2-1-scaled-1-350x100.jpg"}},"image_meta":{"aperture":"0","credit":"","camera":"","caption":"Upscaled with Gigapixel v1.0.3. 2160x1440 =&gt; 3240x2160 (1.5x) Model: Standard V2, denoise: 0.06, sharpen: 0.14, decompression: 0.01","created_timestamp":"1764094556","copyright":"","focal_length":"0","iso":"0","shutter_speed":"0","title":"","orientation":"1","keywords":[]},"ID":"15842","name":"02-comedor_v2-1-scaled-1.jpg","path":"\/sites\/avenidarealty.es\/wp-content\/uploads\/2026\/01\/02-comedor_v2-1-scaled-1.jpg","url":"https:\/\/avenidarealty.es\/wp-content\/uploads\/2026\/01\/02-comedor_v2-1-scaled-1-150x150.jpg","full_url":"https:\/\/avenidarealty.es\/wp-content\/uploads\/2026\/01\/02-comedor_v2-1-scaled-1.jpg","title":"02-comedor_v2-1-scaled","caption":"Upscaled with Gigapixel v1.0.3. 2160x1440 =&gt; 3240x2160 (1.5x) Model: Standard V2, denoise: 0.06, sharpen: 0.14, decompression: 0.01","description":"Gran Via","alt":"","srcset":"https:\/\/avenidarealty.es\/wp-content\/uploads\/2026\/01\/02-comedor_v2-1-scaled-1-150x150.jpg 150w, https:\/\/avenidarealty.es\/wp-content\/uploads\/2026\/01\/02-comedor_v2-1-scaled-1-210x210.jpg 210w, https:\/\/avenidarealty.es\/wp-content\/uploads\/2026\/01\/02-comedor_v2-1-scaled-1-300x300.jpg 300w, https:\/\/avenidarealty.es\/wp-content\/uploads\/2026\/01\/02-comedor_v2-1-scaled-1-100x100.jpg 100w"},{"width":150,"height":150,"file":"2026\/01\/02-comedor_v2-700x660-1.jpg","filesize":62182,"sizes":{"medium":{"file":"02-comedor_v2-700x660-1-300x283.jpg","width":300,"height":283,"mime-type":"image\/jpeg","filesize":26875,"url":"https:\/\/avenidarealty.es\/wp-content\/uploads\/2026\/01\/02-comedor_v2-700x660-1-300x283.jpg"},"thumbnail":{"file":"02-comedor_v2-700x660-1-150x150.jpg","width":150,"height":150,"mime-type":"image\/jpeg","filesize":18599,"url":"https:\/\/avenidarealty.es\/wp-content\/uploads\/2026\/01\/02-comedor_v2-700x660-1-150x150.jpg"},"post-thumbnail":{"file":"02-comedor_v2-700x660-1-150x141.jpg","width":150,"height":141,"mime-type":"image\/jpeg","filesize":18484,"url":"https:\/\/avenidarealty.es\/wp-content\/uploads\/2026\/01\/02-comedor_v2-700x660-1-150x141.jpg"},"modern-property-child-slider":{"file":"02-comedor_v2-700x660-1-680x510.jpg","width":680,"height":510,"mime-type":"image\/jpeg","filesize":48795,"url":"https:\/\/avenidarealty.es\/wp-content\/uploads\/2026\/01\/02-comedor_v2-700x660-1-680x510.jpg"},"property-thumb-image":{"file":"02-comedor_v2-700x660-1-488x326.jpg","width":488,"height":326,"mime-type":"image\/jpeg","filesize":32547,"url":"https:\/\/avenidarealty.es\/wp-content\/uploads\/2026\/01\/02-comedor_v2-700x660-1-488x326.jpg"},"property-detail-video-image":{"file":"02-comedor_v2-700x660-1-700x417.jpg","width":700,"height":417,"mime-type":"image\/jpeg","filesize":43639,"url":"https:\/\/avenidarealty.es\/wp-content\/uploads\/2026\/01\/02-comedor_v2-700x660-1-700x417.jpg"},"agent-image":{"file":"02-comedor_v2-700x660-1-210x210.jpg","width":210,"height":210,"mime-type":"image\/jpeg","filesize":21924,"url":"https:\/\/avenidarealty.es\/wp-content\/uploads\/2026\/01\/02-comedor_v2-700x660-1-210x210.jpg"},"partners-logo":{"file":"02-comedor_v2-700x660-1-600x660.jpg","width":600,"height":660,"mime-type":"image\/jpeg","filesize":55054,"url":"https:\/\/avenidarealty.es\/wp-content\/uploads\/2026\/01\/02-comedor_v2-700x660-1-600x660.jpg"},"woocommerce_thumbnail":{"file":"02-comedor_v2-700x660-1-300x300.jpg","width":300,"height":300,"mime-type":"image\/jpeg","filesize":27277,"uncropped":false,"url":"https:\/\/avenidarealty.es\/wp-content\/uploads\/2026\/01\/02-comedor_v2-700x660-1-300x300.jpg"},"woocommerce_single":{"file":"02-comedor_v2-700x660-1-600x566.jpg","width":600,"height":566,"mime-type":"image\/jpeg","filesize":50264,"url":"https:\/\/avenidarealty.es\/wp-content\/uploads\/2026\/01\/02-comedor_v2-700x660-1-600x566.jpg"},"woocommerce_gallery_thumbnail":{"file":"02-comedor_v2-700x660-1-100x100.jpg","width":100,"height":100,"mime-type":"image\/jpeg","filesize":16449,"url":"https:\/\/avenidarealty.es\/wp-content\/uploads\/2026\/01\/02-comedor_v2-700x660-1-100x100.jpg"},"cmplz_banner_image":{"file":"02-comedor_v2-700x660-1-350x100.jpg","width":350,"height":100,"mime-type":"image\/jpeg","filesize":18227,"url":"https:\/\/avenidarealty.es\/wp-content\/uploads\/2026\/01\/02-comedor_v2-700x660-1-350x100.jpg"}},"image_meta":{"aperture":"0","credit":"","camera":"","caption":"Upscaled with Gigapixel v1.0.3. 1915x1440 =&gt; 2873x2160 (1.5x) Model: Standard V2, denoise: 0.06, sharpen: 0.14, decompression: 0.01","created_timestamp":"1763476933","copyright":"","focal_length":"0","iso":"0","shutter_speed":"0","title":"","orientation":"1","keywords":[]},"ID":"15845","name":"02-comedor_v2-700x660-1.jpg","path":"\/sites\/avenidarealty.es\/wp-content\/uploads\/2026\/01\/02-comedor_v2-700x660-1.jpg","url":"https:\/\/avenidarealty.es\/wp-content\/uploads\/2026\/01\/02-comedor_v2-700x660-1-150x150.jpg","full_url":"https:\/\/avenidarealty.es\/wp-content\/uploads\/2026\/01\/02-comedor_v2-700x660-1.jpg","title":"02-comedor_v2-700x660","caption":"Upscaled with Gigapixel v1.0.3. 1915x1440 =&gt; 2873x2160 (1.5x) Model: Standard V2, denoise: 0.06, sharpen: 0.14, decompression: 0.01","description":"Gran Via","alt":"","srcset":"https:\/\/avenidarealty.es\/wp-content\/uploads\/2026\/01\/02-comedor_v2-700x660-1-150x150.jpg 150w, https:\/\/avenidarealty.es\/wp-content\/uploads\/2026\/01\/02-comedor_v2-700x660-1-210x210.jpg 210w, https:\/\/avenidarealty.es\/wp-content\/uploads\/2026\/01\/02-comedor_v2-700x660-1-300x300.jpg 300w, https:\/\/avenidarealty.es\/wp-content\/uploads\/2026\/01\/02-comedor_v2-700x660-1-100x100.jpg 100w"},{"width":150,"height":150,"file":"2026\/01\/03-cocina_v2-700x660-1.jpg","filesize":73216,"sizes":{"medium":{"file":"03-cocina_v2-700x660-1-300x283.jpg","width":300,"height":283,"mime-type":"image\/jpeg","filesize":28877,"url":"https:\/\/avenidarealty.es\/wp-content\/uploads\/2026\/01\/03-cocina_v2-700x660-1-300x283.jpg"},"thumbnail":{"file":"03-cocina_v2-700x660-1-150x150.jpg","width":150,"height":150,"mime-type":"image\/jpeg","filesize":19147,"url":"https:\/\/avenidarealty.es\/wp-content\/uploads\/2026\/01\/03-cocina_v2-700x660-1-150x150.jpg"},"post-thumbnail":{"file":"03-cocina_v2-700x660-1-150x141.jpg","width":150,"height":141,"mime-type":"image\/jpeg","filesize":19020,"url":"https:\/\/avenidarealty.es\/wp-content\/uploads\/2026\/01\/03-cocina_v2-700x660-1-150x141.jpg"},"modern-property-child-slider":{"file":"03-cocina_v2-700x660-1-680x510.jpg","width":680,"height":510,"mime-type":"image\/jpeg","filesize":57991,"url":"https:\/\/avenidarealty.es\/wp-content\/uploads\/2026\/01\/03-cocina_v2-700x660-1-680x510.jpg"},"property-thumb-image":{"file":"03-cocina_v2-700x660-1-488x326.jpg","width":488,"height":326,"mime-type":"image\/jpeg","filesize":38214,"url":"https:\/\/avenidarealty.es\/wp-content\/uploads\/2026\/01\/03-cocina_v2-700x660-1-488x326.jpg"},"property-detail-video-image":{"file":"03-cocina_v2-700x660-1-700x417.jpg","width":700,"height":417,"mime-type":"image\/jpeg","filesize":55002,"url":"https:\/\/avenidarealty.es\/wp-content\/uploads\/2026\/01\/03-cocina_v2-700x660-1-700x417.jpg"},"agent-image":{"file":"03-cocina_v2-700x660-1-210x210.jpg","width":210,"height":210,"mime-type":"image\/jpeg","filesize":23002,"url":"https:\/\/avenidarealty.es\/wp-content\/uploads\/2026\/01\/03-cocina_v2-700x660-1-210x210.jpg"},"partners-logo":{"file":"03-cocina_v2-700x660-1-600x660.jpg","width":600,"height":660,"mime-type":"image\/jpeg","filesize":67145,"url":"https:\/\/avenidarealty.es\/wp-content\/uploads\/2026\/01\/03-cocina_v2-700x660-1-600x660.jpg"},"woocommerce_thumbnail":{"file":"03-cocina_v2-700x660-1-300x300.jpg","width":300,"height":300,"mime-type":"image\/jpeg","filesize":29523,"uncropped":false,"url":"https:\/\/avenidarealty.es\/wp-content\/uploads\/2026\/01\/03-cocina_v2-700x660-1-300x300.jpg"},"woocommerce_single":{"file":"03-cocina_v2-700x660-1-600x566.jpg","width":600,"height":566,"mime-type":"image\/jpeg","filesize":58219,"url":"https:\/\/avenidarealty.es\/wp-content\/uploads\/2026\/01\/03-cocina_v2-700x660-1-600x566.jpg"},"woocommerce_gallery_thumbnail":{"file":"03-cocina_v2-700x660-1-100x100.jpg","width":100,"height":100,"mime-type":"image\/jpeg","filesize":16806,"url":"https:\/\/avenidarealty.es\/wp-content\/uploads\/2026\/01\/03-cocina_v2-700x660-1-100x100.jpg"},"cmplz_banner_image":{"file":"03-cocina_v2-700x660-1-350x100.jpg","width":350,"height":100,"mime-type":"image\/jpeg","filesize":20882,"url":"https:\/\/avenidarealty.es\/wp-content\/uploads\/2026\/01\/03-cocina_v2-700x660-1-350x100.jpg"}},"image_meta":{"aperture":"0","credit":"","camera":"","caption":"Upscaled with Gigapixel v1.0.3. 1915x1436 =&gt; 2881x2160 (1.50418x) Model: Standard V2, denoise: 0.06, sharpen: 0.14, decompression: 0.1389988362789154","created_timestamp":"1763459341","copyright":"","focal_length":"0","iso":"0","shutter_speed":"0","title":"","orientation":"1","keywords":[]},"ID":"15851","name":"03-cocina_v2-700x660-1.jpg","path":"\/sites\/avenidarealty.es\/wp-content\/uploads\/2026\/01\/03-cocina_v2-700x660-1.jpg","url":"https:\/\/avenidarealty.es\/wp-content\/uploads\/2026\/01\/03-cocina_v2-700x660-1-150x150.jpg","full_url":"https:\/\/avenidarealty.es\/wp-content\/uploads\/2026\/01\/03-cocina_v2-700x660-1.jpg","title":"03-cocina_v2-700x660","caption":"Upscaled with Gigapixel v1.0.3. 1915x1436 =&gt; 2881x2160 (1.50418x) Model: Standard V2, denoise: 0.06, sharpen: 0.14, decompression: 0.1389988362789154","description":"Gran Via","alt":"","srcset":"https:\/\/avenidarealty.es\/wp-content\/uploads\/2026\/01\/03-cocina_v2-700x660-1-150x150.jpg 150w, https:\/\/avenidarealty.es\/wp-content\/uploads\/2026\/01\/03-cocina_v2-700x660-1-210x210.jpg 210w, https:\/\/avenidarealty.es\/wp-content\/uploads\/2026\/01\/03-cocina_v2-700x660-1-300x300.jpg 300w, https:\/\/avenidarealty.es\/wp-content\/uploads\/2026\/01\/03-cocina_v2-700x660-1-100x100.jpg 100w"},{"width":150,"height":150,"file":"2026\/01\/01-cocina_v2-700x660-2.jpg","filesize":64521,"sizes":{"medium":{"file":"01-cocina_v2-700x660-2-300x283.jpg","width":300,"height":283,"mime-type":"image\/jpeg","filesize":27117,"url":"https:\/\/avenidarealty.es\/wp-content\/uploads\/2026\/01\/01-cocina_v2-700x660-2-300x283.jpg"},"thumbnail":{"file":"01-cocina_v2-700x660-2-150x150.jpg","width":150,"height":150,"mime-type":"image\/jpeg","filesize":18903,"url":"https:\/\/avenidarealty.es\/wp-content\/uploads\/2026\/01\/01-cocina_v2-700x660-2-150x150.jpg"},"post-thumbnail":{"file":"01-cocina_v2-700x660-2-150x141.jpg","width":150,"height":141,"mime-type":"image\/jpeg","filesize":18696,"url":"https:\/\/avenidarealty.es\/wp-content\/uploads\/2026\/01\/01-cocina_v2-700x660-2-150x141.jpg"},"modern-property-child-slider":{"file":"01-cocina_v2-700x660-2-680x510.jpg","width":680,"height":510,"mime-type":"image\/jpeg","filesize":53216,"url":"https:\/\/avenidarealty.es\/wp-content\/uploads\/2026\/01\/01-cocina_v2-700x660-2-680x510.jpg"},"property-thumb-image":{"file":"01-cocina_v2-700x660-2-488x326.jpg","width":488,"height":326,"mime-type":"image\/jpeg","filesize":35899,"url":"https:\/\/avenidarealty.es\/wp-content\/uploads\/2026\/01\/01-cocina_v2-700x660-2-488x326.jpg"},"property-detail-video-image":{"file":"01-cocina_v2-700x660-2-700x417.jpg","width":700,"height":417,"mime-type":"image\/jpeg","filesize":51501,"url":"https:\/\/avenidarealty.es\/wp-content\/uploads\/2026\/01\/01-cocina_v2-700x660-2-700x417.jpg"},"agent-image":{"file":"01-cocina_v2-700x660-2-210x210.jpg","width":210,"height":210,"mime-type":"image\/jpeg","filesize":22098,"url":"https:\/\/avenidarealty.es\/wp-content\/uploads\/2026\/01\/01-cocina_v2-700x660-2-210x210.jpg"},"partners-logo":{"file":"01-cocina_v2-700x660-2-600x660.jpg","width":600,"height":660,"mime-type":"image\/jpeg","filesize":57078,"url":"https:\/\/avenidarealty.es\/wp-content\/uploads\/2026\/01\/01-cocina_v2-700x660-2-600x660.jpg"},"woocommerce_thumbnail":{"file":"01-cocina_v2-700x660-2-300x300.jpg","width":300,"height":300,"mime-type":"image\/jpeg","filesize":27651,"uncropped":false,"url":"https:\/\/avenidarealty.es\/wp-content\/uploads\/2026\/01\/01-cocina_v2-700x660-2-300x300.jpg"},"woocommerce_single":{"file":"01-cocina_v2-700x660-2-600x566.jpg","width":600,"height":566,"mime-type":"image\/jpeg","filesize":51840,"url":"https:\/\/avenidarealty.es\/wp-content\/uploads\/2026\/01\/01-cocina_v2-700x660-2-600x566.jpg"},"woocommerce_gallery_thumbnail":{"file":"01-cocina_v2-700x660-2-100x100.jpg","width":100,"height":100,"mime-type":"image\/jpeg","filesize":16847,"url":"https:\/\/avenidarealty.es\/wp-content\/uploads\/2026\/01\/01-cocina_v2-700x660-2-100x100.jpg"},"cmplz_banner_image":{"file":"01-cocina_v2-700x660-2-350x100.jpg","width":350,"height":100,"mime-type":"image\/jpeg","filesize":21633,"url":"https:\/\/avenidarealty.es\/wp-content\/uploads\/2026\/01\/01-cocina_v2-700x660-2-350x100.jpg"}},"image_meta":{"aperture":"0","credit":"","camera":"","caption":"Upscaled with Gigapixel v1.0.3. 1440x1440 =&gt; 2160x2160 (1.5x) Model: Standard V2, denoise: 0.06, sharpen: 0.14, decompression: 0.03868513181805611","created_timestamp":"1763479962","copyright":"","focal_length":"0","iso":"0","shutter_speed":"0","title":"","orientation":"1","keywords":[]},"ID":"15869","name":"01-cocina_v2-700x660-2.jpg","path":"\/sites\/avenidarealty.es\/wp-content\/uploads\/2026\/01\/01-cocina_v2-700x660-2.jpg","url":"https:\/\/avenidarealty.es\/wp-content\/uploads\/2026\/01\/01-cocina_v2-700x660-2-150x150.jpg","full_url":"https:\/\/avenidarealty.es\/wp-content\/uploads\/2026\/01\/01-cocina_v2-700x660-2.jpg","title":"01-cocina_v2-700x660","caption":"Upscaled with Gigapixel v1.0.3. 1440x1440 =&gt; 2160x2160 (1.5x) Model: Standard V2, denoise: 0.06, sharpen: 0.14, decompression: 0.03868513181805611","description":"Gran Via","alt":"","srcset":"https:\/\/avenidarealty.es\/wp-content\/uploads\/2026\/01\/01-cocina_v2-700x660-2-150x150.jpg 150w, https:\/\/avenidarealty.es\/wp-content\/uploads\/2026\/01\/01-cocina_v2-700x660-2-210x210.jpg 210w, https:\/\/avenidarealty.es\/wp-content\/uploads\/2026\/01\/01-cocina_v2-700x660-2-300x300.jpg 300w, https:\/\/avenidarealty.es\/wp-content\/uploads\/2026\/01\/01-cocina_v2-700x660-2-100x100.jpg 100w"},{"width":150,"height":150,"file":"2026\/01\/04-SUITE_v2-700x660-1.jpg","filesize":78372,"sizes":{"medium":{"file":"04-SUITE_v2-700x660-1-300x283.jpg","width":300,"height":283,"mime-type":"image\/jpeg","filesize":29804,"url":"https:\/\/avenidarealty.es\/wp-content\/uploads\/2026\/01\/04-SUITE_v2-700x660-1-300x283.jpg"},"thumbnail":{"file":"04-SUITE_v2-700x660-1-150x150.jpg","width":150,"height":150,"mime-type":"image\/jpeg","filesize":19561,"url":"https:\/\/avenidarealty.es\/wp-content\/uploads\/2026\/01\/04-SUITE_v2-700x660-1-150x150.jpg"},"post-thumbnail":{"file":"04-SUITE_v2-700x660-1-150x141.jpg","width":150,"height":141,"mime-type":"image\/jpeg","filesize":19358,"url":"https:\/\/avenidarealty.es\/wp-content\/uploads\/2026\/01\/04-SUITE_v2-700x660-1-150x141.jpg"},"modern-property-child-slider":{"file":"04-SUITE_v2-700x660-1-680x510.jpg","width":680,"height":510,"mime-type":"image\/jpeg","filesize":63019,"url":"https:\/\/avenidarealty.es\/wp-content\/uploads\/2026\/01\/04-SUITE_v2-700x660-1-680x510.jpg"},"property-thumb-image":{"file":"04-SUITE_v2-700x660-1-488x326.jpg","width":488,"height":326,"mime-type":"image\/jpeg","filesize":40773,"url":"https:\/\/avenidarealty.es\/wp-content\/uploads\/2026\/01\/04-SUITE_v2-700x660-1-488x326.jpg"},"property-detail-video-image":{"file":"04-SUITE_v2-700x660-1-700x417.jpg","width":700,"height":417,"mime-type":"image\/jpeg","filesize":60544,"url":"https:\/\/avenidarealty.es\/wp-content\/uploads\/2026\/01\/04-SUITE_v2-700x660-1-700x417.jpg"},"agent-image":{"file":"04-SUITE_v2-700x660-1-210x210.jpg","width":210,"height":210,"mime-type":"image\/jpeg","filesize":23496,"url":"https:\/\/avenidarealty.es\/wp-content\/uploads\/2026\/01\/04-SUITE_v2-700x660-1-210x210.jpg"},"partners-logo":{"file":"04-SUITE_v2-700x660-1-600x660.jpg","width":600,"height":660,"mime-type":"image\/jpeg","filesize":69519,"url":"https:\/\/avenidarealty.es\/wp-content\/uploads\/2026\/01\/04-SUITE_v2-700x660-1-600x660.jpg"},"woocommerce_thumbnail":{"file":"04-SUITE_v2-700x660-1-300x300.jpg","width":300,"height":300,"mime-type":"image\/jpeg","filesize":30486,"uncropped":false,"url":"https:\/\/avenidarealty.es\/wp-content\/uploads\/2026\/01\/04-SUITE_v2-700x660-1-300x300.jpg"},"woocommerce_single":{"file":"04-SUITE_v2-700x660-1-600x566.jpg","width":600,"height":566,"mime-type":"image\/jpeg","filesize":61289,"url":"https:\/\/avenidarealty.es\/wp-content\/uploads\/2026\/01\/04-SUITE_v2-700x660-1-600x566.jpg"},"woocommerce_gallery_thumbnail":{"file":"04-SUITE_v2-700x660-1-100x100.jpg","width":100,"height":100,"mime-type":"image\/jpeg","filesize":17162,"url":"https:\/\/avenidarealty.es\/wp-content\/uploads\/2026\/01\/04-SUITE_v2-700x660-1-100x100.jpg"},"cmplz_banner_image":{"file":"04-SUITE_v2-700x660-1-350x100.jpg","width":350,"height":100,"mime-type":"image\/jpeg","filesize":21643,"url":"https:\/\/avenidarealty.es\/wp-content\/uploads\/2026\/01\/04-SUITE_v2-700x660-1-350x100.jpg"}},"image_meta":{"aperture":"0","credit":"","camera":"","caption":"Upscaled with Gigapixel v1.0.3. 1915x1440 =&gt; 2873x2160 (1.5x) Model: Standard V2, denoise: 0.06, sharpen: 0.14, decompression: 0.01","created_timestamp":"1763457038","copyright":"","focal_length":"0","iso":"0","shutter_speed":"0","title":"","orientation":"1","keywords":[]},"ID":"15854","name":"04-SUITE_v2-700x660-1.jpg","path":"\/sites\/avenidarealty.es\/wp-content\/uploads\/2026\/01\/04-SUITE_v2-700x660-1.jpg","url":"https:\/\/avenidarealty.es\/wp-content\/uploads\/2026\/01\/04-SUITE_v2-700x660-1-150x150.jpg","full_url":"https:\/\/avenidarealty.es\/wp-content\/uploads\/2026\/01\/04-SUITE_v2-700x660-1.jpg","title":"04-SUITE_v2-700x660","caption":"Upscaled with Gigapixel v1.0.3. 1915x1440 =&gt; 2873x2160 (1.5x) Model: Standard V2, denoise: 0.06, sharpen: 0.14, decompression: 0.01","description":"Gran Via","alt":"","srcset":"https:\/\/avenidarealty.es\/wp-content\/uploads\/2026\/01\/04-SUITE_v2-700x660-1-150x150.jpg 150w, https:\/\/avenidarealty.es\/wp-content\/uploads\/2026\/01\/04-SUITE_v2-700x660-1-210x210.jpg 210w, https:\/\/avenidarealty.es\/wp-content\/uploads\/2026\/01\/04-SUITE_v2-700x660-1-300x300.jpg 300w, https:\/\/avenidarealty.es\/wp-content\/uploads\/2026\/01\/04-SUITE_v2-700x660-1-100x100.jpg 100w"},{"width":150,"height":150,"file":"2026\/01\/02-suite_v2-700x660-1.jpg","filesize":75610,"sizes":{"medium":{"file":"02-suite_v2-700x660-1-300x283.jpg","width":300,"height":283,"mime-type":"image\/jpeg","filesize":28721,"url":"https:\/\/avenidarealty.es\/wp-content\/uploads\/2026\/01\/02-suite_v2-700x660-1-300x283.jpg"},"thumbnail":{"file":"02-suite_v2-700x660-1-150x150.jpg","width":150,"height":150,"mime-type":"image\/jpeg","filesize":18946,"url":"https:\/\/avenidarealty.es\/wp-content\/uploads\/2026\/01\/02-suite_v2-700x660-1-150x150.jpg"},"post-thumbnail":{"file":"02-suite_v2-700x660-1-150x141.jpg","width":150,"height":141,"mime-type":"image\/jpeg","filesize":18781,"url":"https:\/\/avenidarealty.es\/wp-content\/uploads\/2026\/01\/02-suite_v2-700x660-1-150x141.jpg"},"modern-property-child-slider":{"file":"02-suite_v2-700x660-1-680x510.jpg","width":680,"height":510,"mime-type":"image\/jpeg","filesize":59281,"url":"https:\/\/avenidarealty.es\/wp-content\/uploads\/2026\/01\/02-suite_v2-700x660-1-680x510.jpg"},"property-thumb-image":{"file":"02-suite_v2-700x660-1-488x326.jpg","width":488,"height":326,"mime-type":"image\/jpeg","filesize":38215,"url":"https:\/\/avenidarealty.es\/wp-content\/uploads\/2026\/01\/02-suite_v2-700x660-1-488x326.jpg"},"property-detail-video-image":{"file":"02-suite_v2-700x660-1-700x417.jpg","width":700,"height":417,"mime-type":"image\/jpeg","filesize":54844,"url":"https:\/\/avenidarealty.es\/wp-content\/uploads\/2026\/01\/02-suite_v2-700x660-1-700x417.jpg"},"agent-image":{"file":"02-suite_v2-700x660-1-210x210.jpg","width":210,"height":210,"mime-type":"image\/jpeg","filesize":22678,"url":"https:\/\/avenidarealty.es\/wp-content\/uploads\/2026\/01\/02-suite_v2-700x660-1-210x210.jpg"},"partners-logo":{"file":"02-suite_v2-700x660-1-600x660.jpg","width":600,"height":660,"mime-type":"image\/jpeg","filesize":68023,"url":"https:\/\/avenidarealty.es\/wp-content\/uploads\/2026\/01\/02-suite_v2-700x660-1-600x660.jpg"},"woocommerce_thumbnail":{"file":"02-suite_v2-700x660-1-300x300.jpg","width":300,"height":300,"mime-type":"image\/jpeg","filesize":29314,"uncropped":false,"url":"https:\/\/avenidarealty.es\/wp-content\/uploads\/2026\/01\/02-suite_v2-700x660-1-300x300.jpg"},"woocommerce_single":{"file":"02-suite_v2-700x660-1-600x566.jpg","width":600,"height":566,"mime-type":"image\/jpeg","filesize":58973,"url":"https:\/\/avenidarealty.es\/wp-content\/uploads\/2026\/01\/02-suite_v2-700x660-1-600x566.jpg"},"woocommerce_gallery_thumbnail":{"file":"02-suite_v2-700x660-1-100x100.jpg","width":100,"height":100,"mime-type":"image\/jpeg","filesize":16555,"url":"https:\/\/avenidarealty.es\/wp-content\/uploads\/2026\/01\/02-suite_v2-700x660-1-100x100.jpg"},"cmplz_banner_image":{"file":"02-suite_v2-700x660-1-350x100.jpg","width":350,"height":100,"mime-type":"image\/jpeg","filesize":20429,"url":"https:\/\/avenidarealty.es\/wp-content\/uploads\/2026\/01\/02-suite_v2-700x660-1-350x100.jpg"}},"image_meta":{"aperture":"0","credit":"","camera":"","caption":"Upscaled with Gigapixel v1.0.3. 2160x1440 =&gt; 3240x2160 (1.5x) Model: Standard V2, denoise: 0.06, sharpen: 0.14, decompression: 0.01","created_timestamp":"1764094556","copyright":"","focal_length":"0","iso":"0","shutter_speed":"0","title":"","orientation":"1","keywords":[]},"ID":"15848","name":"02-suite_v2-700x660-1.jpg","path":"\/sites\/avenidarealty.es\/wp-content\/uploads\/2026\/01\/02-suite_v2-700x660-1.jpg","url":"https:\/\/avenidarealty.es\/wp-content\/uploads\/2026\/01\/02-suite_v2-700x660-1-150x150.jpg","full_url":"https:\/\/avenidarealty.es\/wp-content\/uploads\/2026\/01\/02-suite_v2-700x660-1.jpg","title":"02-suite_v2-700x660","caption":"Upscaled with Gigapixel v1.0.3. 2160x1440 =&gt; 3240x2160 (1.5x) Model: Standard V2, denoise: 0.06, sharpen: 0.14, decompression: 0.01","description":"Gran Via","alt":"","srcset":"https:\/\/avenidarealty.es\/wp-content\/uploads\/2026\/01\/02-suite_v2-700x660-1-150x150.jpg 150w, https:\/\/avenidarealty.es\/wp-content\/uploads\/2026\/01\/02-suite_v2-700x660-1-210x210.jpg 210w, https:\/\/avenidarealty.es\/wp-content\/uploads\/2026\/01\/02-suite_v2-700x660-1-300x300.jpg 300w, https:\/\/avenidarealty.es\/wp-content\/uploads\/2026\/01\/02-suite_v2-700x660-1-100x100.jpg 100w"},{"width":150,"height":150,"file":"2026\/01\/bano-p1_v2-700x660-1.jpg","filesize":68695,"sizes":{"medium":{"file":"bano-p1_v2-700x660-1-300x283.jpg","width":300,"height":283,"mime-type":"image\/jpeg","filesize":26035,"url":"https:\/\/avenidarealty.es\/wp-content\/uploads\/2026\/01\/bano-p1_v2-700x660-1-300x283.jpg"},"thumbnail":{"file":"bano-p1_v2-700x660-1-150x150.jpg","width":150,"height":150,"mime-type":"image\/jpeg","filesize":18172,"url":"https:\/\/avenidarealty.es\/wp-content\/uploads\/2026\/01\/bano-p1_v2-700x660-1-150x150.jpg"},"post-thumbnail":{"file":"bano-p1_v2-700x660-1-150x141.jpg","width":150,"height":141,"mime-type":"image\/jpeg","filesize":18023,"url":"https:\/\/avenidarealty.es\/wp-content\/uploads\/2026\/01\/bano-p1_v2-700x660-1-150x141.jpg"},"modern-property-child-slider":{"file":"bano-p1_v2-700x660-1-680x510.jpg","width":680,"height":510,"mime-type":"image\/jpeg","filesize":52798,"url":"https:\/\/avenidarealty.es\/wp-content\/uploads\/2026\/01\/bano-p1_v2-700x660-1-680x510.jpg"},"property-thumb-image":{"file":"bano-p1_v2-700x660-1-488x326.jpg","width":488,"height":326,"mime-type":"image\/jpeg","filesize":33943,"url":"https:\/\/avenidarealty.es\/wp-content\/uploads\/2026\/01\/bano-p1_v2-700x660-1-488x326.jpg"},"property-detail-video-image":{"file":"bano-p1_v2-700x660-1-700x417.jpg","width":700,"height":417,"mime-type":"image\/jpeg","filesize":49933,"url":"https:\/\/avenidarealty.es\/wp-content\/uploads\/2026\/01\/bano-p1_v2-700x660-1-700x417.jpg"},"agent-image":{"file":"bano-p1_v2-700x660-1-210x210.jpg","width":210,"height":210,"mime-type":"image\/jpeg","filesize":21247,"url":"https:\/\/avenidarealty.es\/wp-content\/uploads\/2026\/01\/bano-p1_v2-700x660-1-210x210.jpg"},"partners-logo":{"file":"bano-p1_v2-700x660-1-600x660.jpg","width":600,"height":660,"mime-type":"image\/jpeg","filesize":61848,"url":"https:\/\/avenidarealty.es\/wp-content\/uploads\/2026\/01\/bano-p1_v2-700x660-1-600x660.jpg"},"woocommerce_thumbnail":{"file":"bano-p1_v2-700x660-1-300x300.jpg","width":300,"height":300,"mime-type":"image\/jpeg","filesize":26572,"uncropped":false,"url":"https:\/\/avenidarealty.es\/wp-content\/uploads\/2026\/01\/bano-p1_v2-700x660-1-300x300.jpg"},"woocommerce_single":{"file":"bano-p1_v2-700x660-1-600x566.jpg","width":600,"height":566,"mime-type":"image\/jpeg","filesize":52974,"url":"https:\/\/avenidarealty.es\/wp-content\/uploads\/2026\/01\/bano-p1_v2-700x660-1-600x566.jpg"},"woocommerce_gallery_thumbnail":{"file":"bano-p1_v2-700x660-1-100x100.jpg","width":100,"height":100,"mime-type":"image\/jpeg","filesize":16240,"url":"https:\/\/avenidarealty.es\/wp-content\/uploads\/2026\/01\/bano-p1_v2-700x660-1-100x100.jpg"},"cmplz_banner_image":{"file":"bano-p1_v2-700x660-1-350x100.jpg","width":350,"height":100,"mime-type":"image\/jpeg","filesize":18605,"url":"https:\/\/avenidarealty.es\/wp-content\/uploads\/2026\/01\/bano-p1_v2-700x660-1-350x100.jpg"}},"image_meta":{"aperture":"0","credit":"","camera":"","caption":"Upscaled with Gigapixel v1.0.3. 1440x1440 =&gt; 2160x2160 (1.5x) Model: Standard V2, denoise: 0.06, sharpen: 0.14, decompression: 0.01","created_timestamp":"1763478689","copyright":"","focal_length":"0","iso":"0","shutter_speed":"0","title":"","orientation":"1","keywords":[]},"ID":"15857","name":"bano-p1_v2-700x660-1.jpg","path":"\/sites\/avenidarealty.es\/wp-content\/uploads\/2026\/01\/bano-p1_v2-700x660-1.jpg","url":"https:\/\/avenidarealty.es\/wp-content\/uploads\/2026\/01\/bano-p1_v2-700x660-1-150x150.jpg","full_url":"https:\/\/avenidarealty.es\/wp-content\/uploads\/2026\/01\/bano-p1_v2-700x660-1.jpg","title":"bano-p1_v2-700x660","caption":"Upscaled with Gigapixel v1.0.3. 1440x1440 =&gt; 2160x2160 (1.5x) Model: Standard V2, denoise: 0.06, sharpen: 0.14, decompression: 0.01","description":"Gran Via","alt":"","srcset":"https:\/\/avenidarealty.es\/wp-content\/uploads\/2026\/01\/bano-p1_v2-700x660-1-150x150.jpg 150w, https:\/\/avenidarealty.es\/wp-content\/uploads\/2026\/01\/bano-p1_v2-700x660-1-210x210.jpg 210w, https:\/\/avenidarealty.es\/wp-content\/uploads\/2026\/01\/bano-p1_v2-700x660-1-300x300.jpg 300w, https:\/\/avenidarealty.es\/wp-content\/uploads\/2026\/01\/bano-p1_v2-700x660-1-100x100.jpg 100w"},{"width":150,"height":150,"file":"2026\/01\/02-bano-p2_v2-700x660-1.jpg","filesize":69065,"sizes":{"medium":{"file":"02-bano-p2_v2-700x660-1-300x283.jpg","width":300,"height":283,"mime-type":"image\/jpeg","filesize":27161,"url":"https:\/\/avenidarealty.es\/wp-content\/uploads\/2026\/01\/02-bano-p2_v2-700x660-1-300x283.jpg"},"thumbnail":{"file":"02-bano-p2_v2-700x660-1-150x150.jpg","width":150,"height":150,"mime-type":"image\/jpeg","filesize":18886,"url":"https:\/\/avenidarealty.es\/wp-content\/uploads\/2026\/01\/02-bano-p2_v2-700x660-1-150x150.jpg"},"post-thumbnail":{"file":"02-bano-p2_v2-700x660-1-150x141.jpg","width":150,"height":141,"mime-type":"image\/jpeg","filesize":18603,"url":"https:\/\/avenidarealty.es\/wp-content\/uploads\/2026\/01\/02-bano-p2_v2-700x660-1-150x141.jpg"},"modern-property-child-slider":{"file":"02-bano-p2_v2-700x660-1-680x510.jpg","width":680,"height":510,"mime-type":"image\/jpeg","filesize":55833,"url":"https:\/\/avenidarealty.es\/wp-content\/uploads\/2026\/01\/02-bano-p2_v2-700x660-1-680x510.jpg"},"property-thumb-image":{"file":"02-bano-p2_v2-700x660-1-488x326.jpg","width":488,"height":326,"mime-type":"image\/jpeg","filesize":35144,"url":"https:\/\/avenidarealty.es\/wp-content\/uploads\/2026\/01\/02-bano-p2_v2-700x660-1-488x326.jpg"},"property-detail-video-image":{"file":"02-bano-p2_v2-700x660-1-700x417.jpg","width":700,"height":417,"mime-type":"image\/jpeg","filesize":51974,"url":"https:\/\/avenidarealty.es\/wp-content\/uploads\/2026\/01\/02-bano-p2_v2-700x660-1-700x417.jpg"},"agent-image":{"file":"02-bano-p2_v2-700x660-1-210x210.jpg","width":210,"height":210,"mime-type":"image\/jpeg","filesize":22186,"url":"https:\/\/avenidarealty.es\/wp-content\/uploads\/2026\/01\/02-bano-p2_v2-700x660-1-210x210.jpg"},"partners-logo":{"file":"02-bano-p2_v2-700x660-1-600x660.jpg","width":600,"height":660,"mime-type":"image\/jpeg","filesize":63939,"url":"https:\/\/avenidarealty.es\/wp-content\/uploads\/2026\/01\/02-bano-p2_v2-700x660-1-600x660.jpg"},"woocommerce_thumbnail":{"file":"02-bano-p2_v2-700x660-1-300x300.jpg","width":300,"height":300,"mime-type":"image\/jpeg","filesize":27873,"uncropped":false,"url":"https:\/\/avenidarealty.es\/wp-content\/uploads\/2026\/01\/02-bano-p2_v2-700x660-1-300x300.jpg"},"woocommerce_single":{"file":"02-bano-p2_v2-700x660-1-600x566.jpg","width":600,"height":566,"mime-type":"image\/jpeg","filesize":53669,"url":"https:\/\/avenidarealty.es\/wp-content\/uploads\/2026\/01\/02-bano-p2_v2-700x660-1-600x566.jpg"},"woocommerce_gallery_thumbnail":{"file":"02-bano-p2_v2-700x660-1-100x100.jpg","width":100,"height":100,"mime-type":"image\/jpeg","filesize":16793,"url":"https:\/\/avenidarealty.es\/wp-content\/uploads\/2026\/01\/02-bano-p2_v2-700x660-1-100x100.jpg"},"cmplz_banner_image":{"file":"02-bano-p2_v2-700x660-1-350x100.jpg","width":350,"height":100,"mime-type":"image\/jpeg","filesize":19619,"url":"https:\/\/avenidarealty.es\/wp-content\/uploads\/2026\/01\/02-bano-p2_v2-700x660-1-350x100.jpg"}},"image_meta":{"aperture":"0","credit":"","camera":"","caption":"Upscaled with Gigapixel v1.0.3. 1440x1440 =&gt; 2160x2160 (1.5x) Model: Standard V2, denoise: 0.06, sharpen: 0.14, decompression: 0.01","created_timestamp":"1763475803","copyright":"","focal_length":"0","iso":"0","shutter_speed":"0","title":"","orientation":"1","keywords":[]},"ID":"15839","name":"02-bano-p2_v2-700x660-1.jpg","path":"\/sites\/avenidarealty.es\/wp-content\/uploads\/2026\/01\/02-bano-p2_v2-700x660-1.jpg","url":"https:\/\/avenidarealty.es\/wp-content\/uploads\/2026\/01\/02-bano-p2_v2-700x660-1-150x150.jpg","full_url":"https:\/\/avenidarealty.es\/wp-content\/uploads\/2026\/01\/02-bano-p2_v2-700x660-1.jpg","title":"02-bano-p2_v2-700x660","caption":"Upscaled with Gigapixel v1.0.3. 1440x1440 =&gt; 2160x2160 (1.5x) Model: Standard V2, denoise: 0.06, sharpen: 0.14, decompression: 0.01","description":"Gran Via","alt":"","srcset":"https:\/\/avenidarealty.es\/wp-content\/uploads\/2026\/01\/02-bano-p2_v2-700x660-1-150x150.jpg 150w, https:\/\/avenidarealty.es\/wp-content\/uploads\/2026\/01\/02-bano-p2_v2-700x660-1-210x210.jpg 210w, https:\/\/avenidarealty.es\/wp-content\/uploads\/2026\/01\/02-bano-p2_v2-700x660-1-300x300.jpg 300w, https:\/\/avenidarealty.es\/wp-content\/uploads\/2026\/01\/02-bano-p2_v2-700x660-1-100x100.jpg 100w"}],"REAL_HOMES_change_gallery_slider_type":"0","REAL_HOMES_gallery_slider_type":"carousel-style","inspiry_floor_plans":[{"inspiry_floor_plan_name":"Plano Planta Primera Piso 1, 132.65m2","inspiry_floor_plan_image":"https:\/\/avenidarealty.es\/wp-content\/uploads\/2026\/01\/Plano-Planta-Primera-Piso-1-132.65m2.jpg"},{"inspiry_floor_plan_name":"Plano Planta Primera Piso 2, 161.43m2","inspiry_floor_plan_image":"https:\/\/avenidarealty.es\/wp-content\/uploads\/2026\/01\/Plano-Planta-Primera-Piso-2-161.43m2-1.jpg"}],"inspiry_video_group":[{"inspiry_video_group_image":["15904"],"inspiry_video_group_title":"\u041a\u0432\u0430\u0440\u0442\u0438\u0440\u0430 \u043d\u0430 Gran Via, Eixample","inspiry_video_group_url":"https:\/\/avenidarealty.es\/wp-content\/uploads\/2026\/01\/VI_GRANVI_01-1.mp4"}],"REAL_HOMES_360_virtual_tour":"","REAL_HOMES_agent_display_option":"none","REAL_HOMES_agents":[],"REAL_HOMES_energy_class":"none","REAL_HOMES_energy_performance":"","REAL_HOMES_epc_current_rating":"","REAL_HOMES_epc_potential_rating":"","ere_property_schedule_tour":"global","ere_property_schedule_time_slots":"","ere_property_schedule_description":"","REAL_HOMES_sticky":"0","inspiry_property_label":"","inspiry_property_label_color":"","inspiry_property_tax":"0","inspiry_additional_fee":"0","REAL_HOMES_attachments":[],"inspiry_property_owner_name":"","inspiry_property_owner_contact":"","inspiry_property_owner_address":"","REAL_HOMES_property_private_note":"","inspiry_message_to_reviewer":"","inspiry_global_property_template_override":"0","REAL_HOMES_add_in_slider":"no","REAL_HOMES_slider_image":[],"REAL_HOMES_page_banner_image":[],"REAL_HOMES_custom_header_display":"default","REAL_HOMES_custom_header_position":"relative","REAL_HOMES_custom_footer_display":"default","REAL_HOMES_hide_advance_search":"0","REAL_HOMES_custom_search_form":"default","REAL_HOMES_search_form_margin_top":"","REAL_HOMES_search_form_margin_bottom":""},"_links":{"self":[{"href":"https:\/\/avenidarealty.es\/ru\/wp-json\/wp\/v2\/properties\/15884","targetHints":{"allow":["GET"]}}],"collection":[{"href":"https:\/\/avenidarealty.es\/ru\/wp-json\/wp\/v2\/properties"}],"about":[{"href":"https:\/\/avenidarealty.es\/ru\/wp-json\/wp\/v2\/types\/property"}],"author":[{"embeddable":true,"href":"https:\/\/avenidarealty.es\/ru\/wp-json\/wp\/v2\/users\/3"}],"replies":[{"embeddable":true,"href":"https:\/\/avenidarealty.es\/ru\/wp-json\/wp\/v2\/comments?post=15884"}],"version-history":[{"count":7,"href":"https:\/\/avenidarealty.es\/ru\/wp-json\/wp\/v2\/properties\/15884\/revisions"}],"predecessor-version":[{"id":16472,"href":"https:\/\/avenidarealty.es\/ru\/wp-json\/wp\/v2\/properties\/15884\/revisions\/16472"}],"wp:featuredmedia":[{"embeddable":true,"href":"https:\/\/avenidarealty.es\/ru\/wp-json\/wp\/v2\/media\/15868"}],"wp:attachment":[{"href":"https:\/\/avenidarealty.es\/ru\/wp-json\/wp\/v2\/media?parent=15884"}],"wp:term":[{"taxonomy":"property-feature","embeddable":true,"href":"https:\/\/avenidarealty.es\/ru\/wp-json\/wp\/v2\/property-features?post=15884"},{"taxonomy":"property-type","embeddable":true,"href":"https:\/\/avenidarealty.es\/ru\/wp-json\/wp\/v2\/property-types?post=15884"},{"taxonomy":"property-city","embeddable":true,"href":"https:\/\/avenidarealty.es\/ru\/wp-json\/wp\/v2\/property-cities?post=15884"},{"taxonomy":"property-status","embeddable":true,"href":"https:\/\/avenidarealty.es\/ru\/wp-json\/wp\/v2\/property-statuses?post=15884"}],"curies":[{"name":"wp","href":"https:\/\/api.w.org\/{rel}","templated":true}]}}