{"id":14798,"date":"2025-06-27T00:46:36","date_gmt":"2025-06-27T00:46:36","guid":{"rendered":"https:\/\/avenidarealty.es\/?post_type=property&#038;p=14798"},"modified":"2025-09-16T09:45:05","modified_gmt":"2025-09-16T09:45:05","slug":"flat-2-in-travessera-de-dalt","status":"publish","type":"property","link":"https:\/\/avenidarealty.es\/en\/property\/flat-2-in-travessera-de-dalt\/","title":{"rendered":"Flat 2 in Travessera de Dalt, Gracia"},"content":{"rendered":"\n<p>Welcome to Travessera de Dalt \u2014 a unique full renovation project in the heart of Barcelona\u2019s Gr\u00e0cia district.<\/p>\n\n\n\n<p>We present to you an elegant 95.68 m\u00b2 apartment featuring two en-suite bedrooms, two modern bathrooms, and a parking space \u2014 just a few steps away from the iconic Park G\u00fcell, the architectural masterpiece of Antoni Gaud\u00ed. Gr\u00e0cia is one of the most vibrant and character-filled neighborhoods in Barcelona. Its charming streets, dynamic cultural life, and abundance of caf\u00e9s, restaurants, and boutiques create a unique environment where you\u2019ll want to live and relax.<\/p>\n\n\n\n<p>Inside the apartment, you\u2019ll find:<\/p>\n\n\n\n<p>\u2022 A spacious and bright living-dining room with a functional layout<br>\u2022 A modern kitchen with high-end appliances and a Calacatta marble countertop<br>\u2022 Two bedrooms with private en-suite bathrooms<br>\u2022 A balcony that provides a sense of coziness and open space<br>\u2022 A private parking space<br>\u2022 Premium natural oak parquet flooring<br>\u2022 Floor-to-ceiling built-in wardrobes that blend seamlessly with the interior<br>\u2022 Designer bathrooms with integrated showers and built-in fixtures<\/p>\n\n\n\n<p>Quality and technology:<\/p>\n\n\n\n<p>\u2022 Complete renewal of all utilities: electricity, water supply, sewage, and telecommunications<br>\u2022 Aerothermal climate control system \u2014 energy-efficient heating, cooling, and hot water<br>\u2022 Excellent thermal and acoustic insulation<br>\u2022 The apartment is delivered fully equipped and move-in ready \u2014 all that\u2019s left is to add your personal touch<\/p>\n\n\n\n<p>If you\u2019re looking for comfort, style, and a location with character \u2014 this apartment is the perfect choice.<\/p>\n\n\n\n<p><\/p>\n","protected":false},"excerpt":{"rendered":"<p>Welcome to Travessera de Dalt \u2014 a unique full renovation project in the heart of Barcelona\u2019s Gr\u00e0cia district. We present to you an elegant 95.68 m\u00b2 apartment featuring two en-suite bedrooms, two modern bathrooms, and a parking space \u2014 just a few steps away from the iconic Park G\u00fcell, the architectural masterpiece of Antoni Gaud\u00ed&#8230;.<\/p>\n","protected":false},"author":13,"featured_media":15250,"parent":0,"menu_order":0,"comment_status":"open","ping_status":"closed","template":"","property-features":[369,184,370,372,164,373,394,378],"property-types":[368],"property-cities":[379],"property-statuses":[393],"class_list":["post-14798","property","type-property","status-publish","has-post-thumbnail","hentry","property-feature-air-conditioning-en","property-feature-balcony","property-feature-build-in-wardrobes-en","property-feature-equipped-kitchen-en","property-feature-parking-eng","property-feature-parquet","property-feature-public-transport-en","property-feature-supermarket-en","property-type-apartment-en","property-city-barcelona-en","property-status-sale"],"property_meta":{"REAL_HOMES_property_price":"650000","REAL_HOMES_property_old_price":"","REAL_HOMES_property_price_prefix":"","REAL_HOMES_property_price_postfix":"","REAL_HOMES_property_size":"95","REAL_HOMES_property_size_postfix":"m2","REAL_HOMES_property_lot_size":"","REAL_HOMES_property_lot_size_postfix":"","REAL_HOMES_property_bedrooms":"2","REAL_HOMES_property_bathrooms":"2","REAL_HOMES_property_garage":"1","REAL_HOMES_property_id":"VV2549","REAL_HOMES_property_year_built":"","REAL_HOMES_featured":"0","REAL_HOMES_additional_details_list":[],"REAL_HOMES_property_location":{"latitude":"41.409791925224","longitude":"2.155702884383","zoom":"17"},"REAL_HOMES_property_address":"Travessera de Dalt, la Salut, Barcelona, 08024, Spain","REAL_HOMES_property_map":"0","REAL_HOMES_property_images":[{"width":150,"height":150,"file":"2025\/06\/1-6.jpg","filesize":156905,"sizes":{"medium":{"file":"1-6-300x227.jpg","width":300,"height":227,"mime-type":"image\/jpeg","filesize":13996,"url":"https:\/\/avenidarealty.es\/wp-content\/uploads\/2025\/06\/1-6-300x227.jpg"},"large":{"file":"1-6-1024x774.jpg","width":1024,"height":774,"mime-type":"image\/jpeg","filesize":98934,"url":"https:\/\/avenidarealty.es\/wp-content\/uploads\/2025\/06\/1-6-1024x774.jpg"},"thumbnail":{"file":"1-6-150x150.jpg","width":150,"height":150,"mime-type":"image\/jpeg","filesize":5321,"url":"https:\/\/avenidarealty.es\/wp-content\/uploads\/2025\/06\/1-6-150x150.jpg"},"medium_large":{"file":"1-6-768x581.jpg","width":768,"height":581,"mime-type":"image\/jpeg","filesize":61504,"url":"https:\/\/avenidarealty.es\/wp-content\/uploads\/2025\/06\/1-6-768x581.jpg"},"post-thumbnail":{"file":"1-6-150x113.jpg","width":150,"height":113,"mime-type":"image\/jpeg","filesize":4883,"url":"https:\/\/avenidarealty.es\/wp-content\/uploads\/2025\/06\/1-6-150x113.jpg"},"modern-property-child-slider":{"file":"1-6-680x510.jpg","width":680,"height":510,"mime-type":"image\/jpeg","filesize":49425,"url":"https:\/\/avenidarealty.es\/wp-content\/uploads\/2025\/06\/1-6-680x510.jpg"},"property-thumb-image":{"file":"1-6-488x326.jpg","width":488,"height":326,"mime-type":"image\/jpeg","filesize":26549,"url":"https:\/\/avenidarealty.es\/wp-content\/uploads\/2025\/06\/1-6-488x326.jpg"},"property-detail-video-image":{"file":"1-6-818x417.jpg","width":818,"height":417,"mime-type":"image\/jpeg","filesize":48591,"url":"https:\/\/avenidarealty.es\/wp-content\/uploads\/2025\/06\/1-6-818x417.jpg"},"agent-image":{"file":"1-6-210x210.jpg","width":210,"height":210,"mime-type":"image\/jpeg","filesize":9120,"url":"https:\/\/avenidarealty.es\/wp-content\/uploads\/2025\/06\/1-6-210x210.jpg"},"partners-logo":{"file":"1-6-600x998.jpg","width":600,"height":998,"mime-type":"image\/jpeg","filesize":77705,"url":"https:\/\/avenidarealty.es\/wp-content\/uploads\/2025\/06\/1-6-600x998.jpg"},"post-featured-image":{"file":"1-6-1240x720.jpg","width":1240,"height":720,"mime-type":"image\/jpeg","filesize":108454,"url":"https:\/\/avenidarealty.es\/wp-content\/uploads\/2025\/06\/1-6-1240x720.jpg"},"cmplz_banner_image":{"file":"1-6-350x100.jpg","width":350,"height":100,"mime-type":"image\/jpeg","filesize":7577,"url":"https:\/\/avenidarealty.es\/wp-content\/uploads\/2025\/06\/1-6-350x100.jpg"}},"image_meta":{"aperture":"0","credit":"","camera":"","caption":"","created_timestamp":"0","copyright":"","focal_length":"0","iso":"0","shutter_speed":"0","title":"","orientation":"0","keywords":[]},"ID":"14772","name":"1-6.jpg","path":"\/sites\/avenidarealty.es\/wp-content\/uploads\/2025\/06\/1-6.jpg","url":"https:\/\/avenidarealty.es\/wp-content\/uploads\/2025\/06\/1-6-150x150.jpg","full_url":"https:\/\/avenidarealty.es\/wp-content\/uploads\/2025\/06\/1-6.jpg","title":"1","caption":"","description":"","alt":"","srcset":"https:\/\/avenidarealty.es\/wp-content\/uploads\/2025\/06\/1-6-150x150.jpg 150w, https:\/\/avenidarealty.es\/wp-content\/uploads\/2025\/06\/1-6-210x210.jpg 210w"},{"width":150,"height":150,"file":"2025\/06\/2-4.jpg","filesize":215993,"sizes":{"medium":{"file":"2-4-219x300.jpg","width":219,"height":300,"mime-type":"image\/jpeg","filesize":8400,"url":"https:\/\/avenidarealty.es\/wp-content\/uploads\/2025\/06\/2-4-219x300.jpg"},"large":{"file":"2-4-749x1024.jpg","width":749,"height":1024,"mime-type":"image\/jpeg","filesize":70920,"url":"https:\/\/avenidarealty.es\/wp-content\/uploads\/2025\/06\/2-4-749x1024.jpg"},"thumbnail":{"file":"2-4-150x150.jpg","width":150,"height":150,"mime-type":"image\/jpeg","filesize":3761,"url":"https:\/\/avenidarealty.es\/wp-content\/uploads\/2025\/06\/2-4-150x150.jpg"},"medium_large":{"file":"2-4-768x1050.jpg","width":768,"height":1050,"mime-type":"image\/jpeg","filesize":73421,"url":"https:\/\/avenidarealty.es\/wp-content\/uploads\/2025\/06\/2-4-768x1050.jpg"},"1536x1536":{"file":"2-4-1123x1536.jpg","width":1123,"height":1536,"mime-type":"image\/jpeg","filesize":152536,"url":"https:\/\/avenidarealty.es\/wp-content\/uploads\/2025\/06\/2-4-1123x1536.jpg"},"post-thumbnail":{"file":"2-4-110x150.jpg","width":110,"height":150,"mime-type":"image\/jpeg","filesize":3010,"url":"https:\/\/avenidarealty.es\/wp-content\/uploads\/2025\/06\/2-4-110x150.jpg"},"modern-property-child-slider":{"file":"2-4-680x510.jpg","width":680,"height":510,"mime-type":"image\/jpeg","filesize":34967,"url":"https:\/\/avenidarealty.es\/wp-content\/uploads\/2025\/06\/2-4-680x510.jpg"},"property-thumb-image":{"file":"2-4-488x326.jpg","width":488,"height":326,"mime-type":"image\/jpeg","filesize":17697,"url":"https:\/\/avenidarealty.es\/wp-content\/uploads\/2025\/06\/2-4-488x326.jpg"},"property-detail-video-image":{"file":"2-4-818x417.jpg","width":818,"height":417,"mime-type":"image\/jpeg","filesize":34765,"url":"https:\/\/avenidarealty.es\/wp-content\/uploads\/2025\/06\/2-4-818x417.jpg"},"agent-image":{"file":"2-4-210x210.jpg","width":210,"height":210,"mime-type":"image\/jpeg","filesize":6267,"url":"https:\/\/avenidarealty.es\/wp-content\/uploads\/2025\/06\/2-4-210x210.jpg"},"partners-logo":{"file":"2-4-600x1805.jpg","width":600,"height":1805,"mime-type":"image\/jpeg","filesize":89307,"url":"https:\/\/avenidarealty.es\/wp-content\/uploads\/2025\/06\/2-4-600x1805.jpg"},"post-featured-image":{"file":"2-4-1240x720.jpg","width":1240,"height":720,"mime-type":"image\/jpeg","filesize":83375,"url":"https:\/\/avenidarealty.es\/wp-content\/uploads\/2025\/06\/2-4-1240x720.jpg"},"cmplz_banner_image":{"file":"2-4-350x100.jpg","width":350,"height":100,"mime-type":"image\/jpeg","filesize":4929,"url":"https:\/\/avenidarealty.es\/wp-content\/uploads\/2025\/06\/2-4-350x100.jpg"}},"image_meta":{"aperture":"0","credit":"","camera":"","caption":"","created_timestamp":"0","copyright":"","focal_length":"0","iso":"0","shutter_speed":"0","title":"","orientation":"0","keywords":[]},"ID":"14775","name":"2-4.jpg","path":"\/sites\/avenidarealty.es\/wp-content\/uploads\/2025\/06\/2-4.jpg","url":"https:\/\/avenidarealty.es\/wp-content\/uploads\/2025\/06\/2-4-150x150.jpg","full_url":"https:\/\/avenidarealty.es\/wp-content\/uploads\/2025\/06\/2-4.jpg","title":"2","caption":"","description":"","alt":"","srcset":"https:\/\/avenidarealty.es\/wp-content\/uploads\/2025\/06\/2-4-150x150.jpg 150w, https:\/\/avenidarealty.es\/wp-content\/uploads\/2025\/06\/2-4-210x210.jpg 210w"},{"width":150,"height":150,"file":"2025\/06\/3-4.jpg","filesize":141565,"sizes":{"medium":{"file":"3-4-300x223.jpg","width":300,"height":223,"mime-type":"image\/jpeg","filesize":11814,"url":"https:\/\/avenidarealty.es\/wp-content\/uploads\/2025\/06\/3-4-300x223.jpg"},"large":{"file":"3-4-1024x761.jpg","width":1024,"height":761,"mime-type":"image\/jpeg","filesize":91120,"url":"https:\/\/avenidarealty.es\/wp-content\/uploads\/2025\/06\/3-4-1024x761.jpg"},"thumbnail":{"file":"3-4-150x150.jpg","width":150,"height":150,"mime-type":"image\/jpeg","filesize":4725,"url":"https:\/\/avenidarealty.es\/wp-content\/uploads\/2025\/06\/3-4-150x150.jpg"},"medium_large":{"file":"3-4-768x571.jpg","width":768,"height":571,"mime-type":"image\/jpeg","filesize":56392,"url":"https:\/\/avenidarealty.es\/wp-content\/uploads\/2025\/06\/3-4-768x571.jpg"},"post-thumbnail":{"file":"3-4-150x111.jpg","width":150,"height":111,"mime-type":"image\/jpeg","filesize":4088,"url":"https:\/\/avenidarealty.es\/wp-content\/uploads\/2025\/06\/3-4-150x111.jpg"},"modern-property-child-slider":{"file":"3-4-680x510.jpg","width":680,"height":510,"mime-type":"image\/jpeg","filesize":46269,"url":"https:\/\/avenidarealty.es\/wp-content\/uploads\/2025\/06\/3-4-680x510.jpg"},"property-thumb-image":{"file":"3-4-488x326.jpg","width":488,"height":326,"mime-type":"image\/jpeg","filesize":24818,"url":"https:\/\/avenidarealty.es\/wp-content\/uploads\/2025\/06\/3-4-488x326.jpg"},"property-detail-video-image":{"file":"3-4-818x417.jpg","width":818,"height":417,"mime-type":"image\/jpeg","filesize":50613,"url":"https:\/\/avenidarealty.es\/wp-content\/uploads\/2025\/06\/3-4-818x417.jpg"},"agent-image":{"file":"3-4-210x210.jpg","width":210,"height":210,"mime-type":"image\/jpeg","filesize":8033,"url":"https:\/\/avenidarealty.es\/wp-content\/uploads\/2025\/06\/3-4-210x210.jpg"},"partners-logo":{"file":"3-4-600x981.jpg","width":600,"height":981,"mime-type":"image\/jpeg","filesize":76073,"url":"https:\/\/avenidarealty.es\/wp-content\/uploads\/2025\/06\/3-4-600x981.jpg"},"post-featured-image":{"file":"3-4-1240x720.jpg","width":1240,"height":720,"mime-type":"image\/jpeg","filesize":108706,"url":"https:\/\/avenidarealty.es\/wp-content\/uploads\/2025\/06\/3-4-1240x720.jpg"},"cmplz_banner_image":{"file":"3-4-350x100.jpg","width":350,"height":100,"mime-type":"image\/jpeg","filesize":7385,"url":"https:\/\/avenidarealty.es\/wp-content\/uploads\/2025\/06\/3-4-350x100.jpg"}},"image_meta":{"aperture":"0","credit":"","camera":"","caption":"","created_timestamp":"0","copyright":"","focal_length":"0","iso":"0","shutter_speed":"0","title":"","orientation":"0","keywords":[]},"ID":"14778","name":"3-4.jpg","path":"\/sites\/avenidarealty.es\/wp-content\/uploads\/2025\/06\/3-4.jpg","url":"https:\/\/avenidarealty.es\/wp-content\/uploads\/2025\/06\/3-4-150x150.jpg","full_url":"https:\/\/avenidarealty.es\/wp-content\/uploads\/2025\/06\/3-4.jpg","title":"3","caption":"","description":"","alt":"","srcset":"https:\/\/avenidarealty.es\/wp-content\/uploads\/2025\/06\/3-4-150x150.jpg 150w, https:\/\/avenidarealty.es\/wp-content\/uploads\/2025\/06\/3-4-210x210.jpg 210w"},{"width":150,"height":150,"file":"2025\/06\/4-4.jpg","filesize":388379,"sizes":{"medium":{"file":"4-4-300x231.jpg","width":300,"height":231,"mime-type":"image\/jpeg","filesize":13523,"url":"https:\/\/avenidarealty.es\/wp-content\/uploads\/2025\/06\/4-4-300x231.jpg"},"large":{"file":"4-4-1024x787.jpg","width":1024,"height":787,"mime-type":"image\/jpeg","filesize":99028,"url":"https:\/\/avenidarealty.es\/wp-content\/uploads\/2025\/06\/4-4-1024x787.jpg"},"thumbnail":{"file":"4-4-150x150.jpg","width":150,"height":150,"mime-type":"image\/jpeg","filesize":6058,"url":"https:\/\/avenidarealty.es\/wp-content\/uploads\/2025\/06\/4-4-150x150.jpg"},"medium_large":{"file":"4-4-768x590.jpg","width":768,"height":590,"mime-type":"image\/jpeg","filesize":60112,"url":"https:\/\/avenidarealty.es\/wp-content\/uploads\/2025\/06\/4-4-768x590.jpg"},"1536x1536":{"file":"4-4-1536x1181.jpg","width":1536,"height":1181,"mime-type":"image\/jpeg","filesize":200666,"url":"https:\/\/avenidarealty.es\/wp-content\/uploads\/2025\/06\/4-4-1536x1181.jpg"},"post-thumbnail":{"file":"4-4-150x115.jpg","width":150,"height":115,"mime-type":"image\/jpeg","filesize":5065,"url":"https:\/\/avenidarealty.es\/wp-content\/uploads\/2025\/06\/4-4-150x115.jpg"},"modern-property-child-slider":{"file":"4-4-680x510.jpg","width":680,"height":510,"mime-type":"image\/jpeg","filesize":47824,"url":"https:\/\/avenidarealty.es\/wp-content\/uploads\/2025\/06\/4-4-680x510.jpg"},"property-thumb-image":{"file":"4-4-488x326.jpg","width":488,"height":326,"mime-type":"image\/jpeg","filesize":25149,"url":"https:\/\/avenidarealty.es\/wp-content\/uploads\/2025\/06\/4-4-488x326.jpg"},"property-detail-video-image":{"file":"4-4-818x417.jpg","width":818,"height":417,"mime-type":"image\/jpeg","filesize":46232,"url":"https:\/\/avenidarealty.es\/wp-content\/uploads\/2025\/06\/4-4-818x417.jpg"},"agent-image":{"file":"4-4-210x210.jpg","width":210,"height":210,"mime-type":"image\/jpeg","filesize":10202,"url":"https:\/\/avenidarealty.es\/wp-content\/uploads\/2025\/06\/4-4-210x210.jpg"},"partners-logo":{"file":"4-4-600x1230.jpg","width":600,"height":1230,"mime-type":"image\/jpeg","filesize":102787,"url":"https:\/\/avenidarealty.es\/wp-content\/uploads\/2025\/06\/4-4-600x1230.jpg"},"post-featured-image":{"file":"4-4-1240x720.jpg","width":1240,"height":720,"mime-type":"image\/jpeg","filesize":103244,"url":"https:\/\/avenidarealty.es\/wp-content\/uploads\/2025\/06\/4-4-1240x720.jpg"},"cmplz_banner_image":{"file":"4-4-350x100.jpg","width":350,"height":100,"mime-type":"image\/jpeg","filesize":6791,"url":"https:\/\/avenidarealty.es\/wp-content\/uploads\/2025\/06\/4-4-350x100.jpg"}},"image_meta":{"aperture":"0","credit":"","camera":"","caption":"","created_timestamp":"0","copyright":"","focal_length":"0","iso":"0","shutter_speed":"0","title":"","orientation":"0","keywords":[]},"ID":"14781","name":"4-4.jpg","path":"\/sites\/avenidarealty.es\/wp-content\/uploads\/2025\/06\/4-4.jpg","url":"https:\/\/avenidarealty.es\/wp-content\/uploads\/2025\/06\/4-4-150x150.jpg","full_url":"https:\/\/avenidarealty.es\/wp-content\/uploads\/2025\/06\/4-4.jpg","title":"4","caption":"","description":"","alt":"","srcset":"https:\/\/avenidarealty.es\/wp-content\/uploads\/2025\/06\/4-4-150x150.jpg 150w, https:\/\/avenidarealty.es\/wp-content\/uploads\/2025\/06\/4-4-210x210.jpg 210w"},{"width":150,"height":150,"file":"2025\/06\/5-5.jpg","filesize":471033,"sizes":{"medium":{"file":"5-5-270x300.jpg","width":270,"height":300,"mime-type":"image\/jpeg","filesize":18247,"url":"https:\/\/avenidarealty.es\/wp-content\/uploads\/2025\/06\/5-5-270x300.jpg"},"large":{"file":"5-5-922x1024.jpg","width":922,"height":1024,"mime-type":"image\/jpeg","filesize":141834,"url":"https:\/\/avenidarealty.es\/wp-content\/uploads\/2025\/06\/5-5-922x1024.jpg"},"thumbnail":{"file":"5-5-150x150.jpg","width":150,"height":150,"mime-type":"image\/jpeg","filesize":6771,"url":"https:\/\/avenidarealty.es\/wp-content\/uploads\/2025\/06\/5-5-150x150.jpg"},"medium_large":{"file":"5-5-768x853.jpg","width":768,"height":853,"mime-type":"image\/jpeg","filesize":105195,"url":"https:\/\/avenidarealty.es\/wp-content\/uploads\/2025\/06\/5-5-768x853.jpg"},"1536x1536":{"file":"5-5-1382x1536.jpg","width":1382,"height":1536,"mime-type":"image\/jpeg","filesize":271233,"url":"https:\/\/avenidarealty.es\/wp-content\/uploads\/2025\/06\/5-5-1382x1536.jpg"},"post-thumbnail":{"file":"5-5-135x150.jpg","width":135,"height":150,"mime-type":"image\/jpeg","filesize":6224,"url":"https:\/\/avenidarealty.es\/wp-content\/uploads\/2025\/06\/5-5-135x150.jpg"},"modern-property-child-slider":{"file":"5-5-680x510.jpg","width":680,"height":510,"mime-type":"image\/jpeg","filesize":58463,"url":"https:\/\/avenidarealty.es\/wp-content\/uploads\/2025\/06\/5-5-680x510.jpg"},"property-thumb-image":{"file":"5-5-488x326.jpg","width":488,"height":326,"mime-type":"image\/jpeg","filesize":29990,"url":"https:\/\/avenidarealty.es\/wp-content\/uploads\/2025\/06\/5-5-488x326.jpg"},"property-detail-video-image":{"file":"5-5-818x417.jpg","width":818,"height":417,"mime-type":"image\/jpeg","filesize":53894,"url":"https:\/\/avenidarealty.es\/wp-content\/uploads\/2025\/06\/5-5-818x417.jpg"},"agent-image":{"file":"5-5-210x210.jpg","width":210,"height":210,"mime-type":"image\/jpeg","filesize":11360,"url":"https:\/\/avenidarealty.es\/wp-content\/uploads\/2025\/06\/5-5-210x210.jpg"},"partners-logo":{"file":"5-5-600x1600.jpg","width":600,"height":1600,"mime-type":"image\/jpeg","filesize":139919,"url":"https:\/\/avenidarealty.es\/wp-content\/uploads\/2025\/06\/5-5-600x1600.jpg"},"post-featured-image":{"file":"5-5-1240x720.jpg","width":1240,"height":720,"mime-type":"image\/jpeg","filesize":118452,"url":"https:\/\/avenidarealty.es\/wp-content\/uploads\/2025\/06\/5-5-1240x720.jpg"},"cmplz_banner_image":{"file":"5-5-350x100.jpg","width":350,"height":100,"mime-type":"image\/jpeg","filesize":7915,"url":"https:\/\/avenidarealty.es\/wp-content\/uploads\/2025\/06\/5-5-350x100.jpg"}},"image_meta":{"aperture":"0","credit":"","camera":"","caption":"","created_timestamp":"0","copyright":"","focal_length":"0","iso":"0","shutter_speed":"0","title":"","orientation":"0","keywords":[]},"ID":"14784","name":"5-5.jpg","path":"\/sites\/avenidarealty.es\/wp-content\/uploads\/2025\/06\/5-5.jpg","url":"https:\/\/avenidarealty.es\/wp-content\/uploads\/2025\/06\/5-5-150x150.jpg","full_url":"https:\/\/avenidarealty.es\/wp-content\/uploads\/2025\/06\/5-5.jpg","title":"5","caption":"","description":"","alt":"","srcset":"https:\/\/avenidarealty.es\/wp-content\/uploads\/2025\/06\/5-5-150x150.jpg 150w, https:\/\/avenidarealty.es\/wp-content\/uploads\/2025\/06\/5-5-210x210.jpg 210w"},{"width":150,"height":150,"file":"2025\/06\/6-3.jpg","filesize":442592,"sizes":{"medium":{"file":"6-3-300x225.jpg","width":300,"height":225,"mime-type":"image\/jpeg","filesize":14969,"url":"https:\/\/avenidarealty.es\/wp-content\/uploads\/2025\/06\/6-3-300x225.jpg"},"large":{"file":"6-3-1024x768.jpg","width":1024,"height":768,"mime-type":"image\/jpeg","filesize":119737,"url":"https:\/\/avenidarealty.es\/wp-content\/uploads\/2025\/06\/6-3-1024x768.jpg"},"thumbnail":{"file":"6-3-150x150.jpg","width":150,"height":150,"mime-type":"image\/jpeg","filesize":6020,"url":"https:\/\/avenidarealty.es\/wp-content\/uploads\/2025\/06\/6-3-150x150.jpg"},"medium_large":{"file":"6-3-768x576.jpg","width":768,"height":576,"mime-type":"image\/jpeg","filesize":72975,"url":"https:\/\/avenidarealty.es\/wp-content\/uploads\/2025\/06\/6-3-768x576.jpg"},"1536x1536":{"file":"6-3-1536x1152.jpg","width":1536,"height":1152,"mime-type":"image\/jpeg","filesize":244130,"url":"https:\/\/avenidarealty.es\/wp-content\/uploads\/2025\/06\/6-3-1536x1152.jpg"},"post-thumbnail":{"file":"6-3-150x113.jpg","width":150,"height":113,"mime-type":"image\/jpeg","filesize":5150,"url":"https:\/\/avenidarealty.es\/wp-content\/uploads\/2025\/06\/6-3-150x113.jpg"},"modern-property-child-slider":{"file":"6-3-680x510.jpg","width":680,"height":510,"mime-type":"image\/jpeg","filesize":59448,"url":"https:\/\/avenidarealty.es\/wp-content\/uploads\/2025\/06\/6-3-680x510.jpg"},"property-thumb-image":{"file":"6-3-488x326.jpg","width":488,"height":326,"mime-type":"image\/jpeg","filesize":29780,"url":"https:\/\/avenidarealty.es\/wp-content\/uploads\/2025\/06\/6-3-488x326.jpg"},"property-detail-video-image":{"file":"6-3-818x417.jpg","width":818,"height":417,"mime-type":"image\/jpeg","filesize":51492,"url":"https:\/\/avenidarealty.es\/wp-content\/uploads\/2025\/06\/6-3-818x417.jpg"},"agent-image":{"file":"6-3-210x210.jpg","width":210,"height":210,"mime-type":"image\/jpeg","filesize":10566,"url":"https:\/\/avenidarealty.es\/wp-content\/uploads\/2025\/06\/6-3-210x210.jpg"},"partners-logo":{"file":"6-3-600x1200.jpg","width":600,"height":1200,"mime-type":"image\/jpeg","filesize":107282,"url":"https:\/\/avenidarealty.es\/wp-content\/uploads\/2025\/06\/6-3-600x1200.jpg"},"post-featured-image":{"file":"6-3-1240x720.jpg","width":1240,"height":720,"mime-type":"image\/jpeg","filesize":120051,"url":"https:\/\/avenidarealty.es\/wp-content\/uploads\/2025\/06\/6-3-1240x720.jpg"},"cmplz_banner_image":{"file":"6-3-350x100.jpg","width":350,"height":100,"mime-type":"image\/jpeg","filesize":7957,"url":"https:\/\/avenidarealty.es\/wp-content\/uploads\/2025\/06\/6-3-350x100.jpg"}},"image_meta":{"aperture":"0","credit":"","camera":"","caption":"","created_timestamp":"0","copyright":"","focal_length":"0","iso":"0","shutter_speed":"0","title":"","orientation":"0","keywords":[]},"ID":"14787","name":"6-3.jpg","path":"\/sites\/avenidarealty.es\/wp-content\/uploads\/2025\/06\/6-3.jpg","url":"https:\/\/avenidarealty.es\/wp-content\/uploads\/2025\/06\/6-3-150x150.jpg","full_url":"https:\/\/avenidarealty.es\/wp-content\/uploads\/2025\/06\/6-3.jpg","title":"6","caption":"","description":"","alt":"","srcset":"https:\/\/avenidarealty.es\/wp-content\/uploads\/2025\/06\/6-3-150x150.jpg 150w, https:\/\/avenidarealty.es\/wp-content\/uploads\/2025\/06\/6-3-210x210.jpg 210w"},{"width":150,"height":150,"file":"2025\/06\/7-1.jpg","filesize":145694,"sizes":{"medium":{"file":"7-1-300x300.jpg","width":300,"height":300,"mime-type":"image\/jpeg","filesize":12521,"url":"https:\/\/avenidarealty.es\/wp-content\/uploads\/2025\/06\/7-1-300x300.jpg"},"large":{"file":"7-1-1024x1021.jpg","width":1024,"height":1021,"mime-type":"image\/jpeg","filesize":92118,"url":"https:\/\/avenidarealty.es\/wp-content\/uploads\/2025\/06\/7-1-1024x1021.jpg"},"thumbnail":{"file":"7-1-150x150.jpg","width":150,"height":150,"mime-type":"image\/jpeg","filesize":4519,"url":"https:\/\/avenidarealty.es\/wp-content\/uploads\/2025\/06\/7-1-150x150.jpg"},"medium_large":{"file":"7-1-768x766.jpg","width":768,"height":766,"mime-type":"image\/jpeg","filesize":56799,"url":"https:\/\/avenidarealty.es\/wp-content\/uploads\/2025\/06\/7-1-768x766.jpg"},"post-thumbnail":{"file":"7-1-150x150.jpg","width":150,"height":150,"mime-type":"image\/jpeg","filesize":4511,"url":"https:\/\/avenidarealty.es\/wp-content\/uploads\/2025\/06\/7-1-150x150.jpg"},"modern-property-child-slider":{"file":"7-1-680x510.jpg","width":680,"height":510,"mime-type":"image\/jpeg","filesize":33968,"url":"https:\/\/avenidarealty.es\/wp-content\/uploads\/2025\/06\/7-1-680x510.jpg"},"property-thumb-image":{"file":"7-1-488x326.jpg","width":488,"height":326,"mime-type":"image\/jpeg","filesize":17447,"url":"https:\/\/avenidarealty.es\/wp-content\/uploads\/2025\/06\/7-1-488x326.jpg"},"property-detail-video-image":{"file":"7-1-818x417.jpg","width":818,"height":417,"mime-type":"image\/jpeg","filesize":28389,"url":"https:\/\/avenidarealty.es\/wp-content\/uploads\/2025\/06\/7-1-818x417.jpg"},"agent-image":{"file":"7-1-210x210.jpg","width":210,"height":210,"mime-type":"image\/jpeg","filesize":7489,"url":"https:\/\/avenidarealty.es\/wp-content\/uploads\/2025\/06\/7-1-210x210.jpg"},"partners-logo":{"file":"7-1-600x1316.jpg","width":600,"height":1316,"mime-type":"image\/jpeg","filesize":73239,"url":"https:\/\/avenidarealty.es\/wp-content\/uploads\/2025\/06\/7-1-600x1316.jpg"},"post-featured-image":{"file":"7-1-1240x720.jpg","width":1240,"height":720,"mime-type":"image\/jpeg","filesize":66377,"url":"https:\/\/avenidarealty.es\/wp-content\/uploads\/2025\/06\/7-1-1240x720.jpg"},"cmplz_banner_image":{"file":"7-1-350x100.jpg","width":350,"height":100,"mime-type":"image\/jpeg","filesize":4313,"url":"https:\/\/avenidarealty.es\/wp-content\/uploads\/2025\/06\/7-1-350x100.jpg"}},"image_meta":{"aperture":"0","credit":"","camera":"","caption":"","created_timestamp":"0","copyright":"","focal_length":"0","iso":"0","shutter_speed":"0","title":"","orientation":"0","keywords":[]},"ID":"14789","name":"7-1.jpg","path":"\/sites\/avenidarealty.es\/wp-content\/uploads\/2025\/06\/7-1.jpg","url":"https:\/\/avenidarealty.es\/wp-content\/uploads\/2025\/06\/7-1-150x150.jpg","full_url":"https:\/\/avenidarealty.es\/wp-content\/uploads\/2025\/06\/7-1.jpg","title":"7","caption":"","description":"","alt":"","srcset":"https:\/\/avenidarealty.es\/wp-content\/uploads\/2025\/06\/7-1-150x150.jpg 150w, https:\/\/avenidarealty.es\/wp-content\/uploads\/2025\/06\/7-1-300x300.jpg 300w, https:\/\/avenidarealty.es\/wp-content\/uploads\/2025\/06\/7-1-1024x1021.jpg 1024w, https:\/\/avenidarealty.es\/wp-content\/uploads\/2025\/06\/7-1-768x766.jpg 768w, https:\/\/avenidarealty.es\/wp-content\/uploads\/2025\/06\/7-1-210x210.jpg 210w, https:\/\/avenidarealty.es\/wp-content\/uploads\/2025\/06\/7-1.jpg 1320w"}],"REAL_HOMES_change_gallery_slider_type":"0","REAL_HOMES_gallery_slider_type":"carousel-style","inspiry_floor_plans":[{"inspiry_floor_plan_name":"Plano","inspiry_floor_plan_image":"http:\/\/avenidarealty.es\/wp-content\/uploads\/2025\/06\/Plano-TDD.png"}],"inspiry_video_group":[],"REAL_HOMES_360_virtual_tour":"","REAL_HOMES_agent_display_option":"none","REAL_HOMES_agents":[],"REAL_HOMES_energy_class":"none","REAL_HOMES_energy_performance":"","REAL_HOMES_epc_current_rating":"","REAL_HOMES_epc_potential_rating":"","ere_property_schedule_tour":"global","ere_property_schedule_time_slots":"","ere_property_schedule_description":"","REAL_HOMES_sticky":"0","inspiry_property_label":"","inspiry_property_label_color":"","inspiry_property_tax":"0","inspiry_additional_fee":"0","REAL_HOMES_attachments":[],"inspiry_property_owner_name":"","inspiry_property_owner_contact":"","inspiry_property_owner_address":"","REAL_HOMES_property_private_note":"","inspiry_message_to_reviewer":"","inspiry_global_property_template_override":"0","REAL_HOMES_add_in_slider":"no","REAL_HOMES_slider_image":[],"REAL_HOMES_page_banner_image":[],"REAL_HOMES_custom_header_display":"default","REAL_HOMES_custom_header_position":"relative","REAL_HOMES_custom_footer_display":"default","REAL_HOMES_hide_advance_search":"0","REAL_HOMES_custom_search_form":"default","REAL_HOMES_search_form_margin_top":"","REAL_HOMES_search_form_margin_bottom":""},"_links":{"self":[{"href":"https:\/\/avenidarealty.es\/en\/wp-json\/wp\/v2\/properties\/14798","targetHints":{"allow":["GET"]}}],"collection":[{"href":"https:\/\/avenidarealty.es\/en\/wp-json\/wp\/v2\/properties"}],"about":[{"href":"https:\/\/avenidarealty.es\/en\/wp-json\/wp\/v2\/types\/property"}],"author":[{"embeddable":true,"href":"https:\/\/avenidarealty.es\/en\/wp-json\/wp\/v2\/users\/13"}],"replies":[{"embeddable":true,"href":"https:\/\/avenidarealty.es\/en\/wp-json\/wp\/v2\/comments?post=14798"}],"version-history":[{"count":3,"href":"https:\/\/avenidarealty.es\/en\/wp-json\/wp\/v2\/properties\/14798\/revisions"}],"predecessor-version":[{"id":15281,"href":"https:\/\/avenidarealty.es\/en\/wp-json\/wp\/v2\/properties\/14798\/revisions\/15281"}],"wp:featuredmedia":[{"embeddable":true,"href":"https:\/\/avenidarealty.es\/en\/wp-json\/wp\/v2\/media\/15250"}],"wp:attachment":[{"href":"https:\/\/avenidarealty.es\/en\/wp-json\/wp\/v2\/media?parent=14798"}],"wp:term":[{"taxonomy":"property-feature","embeddable":true,"href":"https:\/\/avenidarealty.es\/en\/wp-json\/wp\/v2\/property-features?post=14798"},{"taxonomy":"property-type","embeddable":true,"href":"https:\/\/avenidarealty.es\/en\/wp-json\/wp\/v2\/property-types?post=14798"},{"taxonomy":"property-city","embeddable":true,"href":"https:\/\/avenidarealty.es\/en\/wp-json\/wp\/v2\/property-cities?post=14798"},{"taxonomy":"property-status","embeddable":true,"href":"https:\/\/avenidarealty.es\/en\/wp-json\/wp\/v2\/property-statuses?post=14798"}],"curies":[{"name":"wp","href":"https:\/\/api.w.org\/{rel}","templated":true}]}}