{"id":14466,"date":"2025-06-20T12:30:34","date_gmt":"2025-06-20T12:30:34","guid":{"rendered":"https:\/\/avenidarealty.es\/?post_type=property&#038;p=14466"},"modified":"2025-09-16T09:46:39","modified_gmt":"2025-09-16T09:46:39","slug":"flat-in-travessera-de-dalt","status":"publish","type":"property","link":"https:\/\/avenidarealty.es\/en\/property\/flat-in-travessera-de-dalt\/","title":{"rendered":"Flat in Travessera de Dalt, Gracia"},"content":{"rendered":"\n<p>Welcome to Travessera de Dalt, a comprehensive renovation project of a single residence located in the Gr\u00e0cia district.<\/p>\n\n\n\n<p>The property is just a few meters from Park G\u00fcell, the admired masterpiece of Antoni Gaud\u00ed \u2014 undoubtedly one of the district\u2019s major cultural and tourist attractions. In addition, the lively atmosphere of Gr\u00e0cia\u2019s narrow streets, filled with bars, restaurants, and shops, makes this district one of the most attractive areas in the city.<\/p>\n\n\n\n<p>The Gr\u00e0cia Festival (Fiesta Mayor de Gr\u00e0cia), held in mid-August, is the most vibrant example of this spirit. The streets of Gr\u00e0cia are decorated with spectacular ornaments prepared for months by the neighbors, all competing for the prize for the best-decorated street. The Gr\u00e0cia festivities, well-known throughout Catalonia, attract people from all over Barcelona and even visitors from abroad, who come to enjoy the summer terraces and the live music performances that fill the district\u2019s plazas.<\/p>\n\n\n\n<p>The project includes:<\/p>\n\n\n\n<ul class=\"wp-block-list\">\n<li>A 68.73 m\u00b2 apartment, featuring one en-suite bedroom and a terrace.<\/li>\n<\/ul>\n\n\n\n<p>The overall style of the apartment is defined by clean, continuous lines, creating a sense of spaciousness and natural light in every room. The layout includes an open and functional living-dining space, a fully equipped kitchen, a double en-suite bedroom, a full bathroom, and a terrace.<\/p>\n\n\n\n<p>Inside the apartment, the flooring is made of high-quality, light oak natural wood parquet in a three-layer format. The built-in wardrobes in the bedroom extend from floor to ceiling, with SBA oak doors matching the flooring. The kitchen countertop and backsplash are made of Coverlam black Marquina marble. The bathroom is finished with microcement on the walls and floor, featuring an integrated shower tray, built-in fixtures, and a wall-mounted toilet.<\/p>\n\n\n\n<p>All installations are new: electricity, drainage, water, and telecommunications. The apartment is equipped with an energy-efficient aerothermal system, which provides hot water for sanitary use and heating\/cooling for climate control.<\/p>\n\n\n\n<p>The home is delivered fully equipped with a high-end kitchen and offers excellent thermal and acoustic insulation.<\/p>\n","protected":false},"excerpt":{"rendered":"<p>Welcome to Travessera de Dalt, a comprehensive renovation project of a single residence located in the Gr\u00e0cia district. The property is just a few meters from Park G\u00fcell, the admired masterpiece of Antoni Gaud\u00ed \u2014 undoubtedly one of the district\u2019s major cultural and tourist attractions. In addition, the lively atmosphere of Gr\u00e0cia\u2019s narrow streets, filled&#8230;<\/p>\n","protected":false},"author":3,"featured_media":14907,"parent":0,"menu_order":0,"comment_status":"open","ping_status":"closed","template":"","property-features":[369,370,372,373,394,377,378,395],"property-types":[368],"property-cities":[379],"property-statuses":[393],"class_list":["post-14466","property","type-property","status-publish","has-post-thumbnail","hentry","property-feature-air-conditioning-en","property-feature-build-in-wardrobes-en","property-feature-equipped-kitchen-en","property-feature-parquet","property-feature-public-transport-en","property-feature-shopping-center-en","property-feature-supermarket-en","property-feature-terrace","property-type-apartment-en","property-city-barcelona-en","property-status-sale"],"property_meta":{"REAL_HOMES_property_price":"405000","REAL_HOMES_property_old_price":"","REAL_HOMES_property_price_prefix":"","REAL_HOMES_property_price_postfix":"","REAL_HOMES_property_size":"68,73","REAL_HOMES_property_size_postfix":"m2","REAL_HOMES_property_lot_size":"","REAL_HOMES_property_lot_size_postfix":"","REAL_HOMES_property_bedrooms":"1","REAL_HOMES_property_bathrooms":"1","REAL_HOMES_property_garage":"","REAL_HOMES_property_id":"VV2539","REAL_HOMES_property_year_built":"","REAL_HOMES_featured":"0","REAL_HOMES_additional_details_list":[],"REAL_HOMES_property_location":{"latitude":"41.4083274","longitude":"2.1513189","zoom":"16"},"REAL_HOMES_property_address":"Travessera de Dalt, la Salut, Barcelona, 08023, Spain","REAL_HOMES_property_map":"0","REAL_HOMES_property_images":[{"width":150,"height":150,"file":"2025\/06\/1-1.jpg","filesize":217106,"sizes":{"medium":{"file":"1-1-300x225.jpg","width":300,"height":225,"mime-type":"image\/jpeg","filesize":18089,"url":"https:\/\/avenidarealty.es\/wp-content\/uploads\/2025\/06\/1-1-300x225.jpg"},"large":{"file":"1-1-1024x768.jpg","width":1024,"height":768,"mime-type":"image\/jpeg","filesize":136842,"url":"https:\/\/avenidarealty.es\/wp-content\/uploads\/2025\/06\/1-1-1024x768.jpg"},"thumbnail":{"file":"1-1-150x150.jpg","width":150,"height":150,"mime-type":"image\/jpeg","filesize":7032,"url":"https:\/\/avenidarealty.es\/wp-content\/uploads\/2025\/06\/1-1-150x150.jpg"},"medium_large":{"file":"1-1-768x576.jpg","width":768,"height":576,"mime-type":"image\/jpeg","filesize":84502,"url":"https:\/\/avenidarealty.es\/wp-content\/uploads\/2025\/06\/1-1-768x576.jpg"},"post-thumbnail":{"file":"1-1-150x112.jpg","width":150,"height":112,"mime-type":"image\/jpeg","filesize":5644,"url":"https:\/\/avenidarealty.es\/wp-content\/uploads\/2025\/06\/1-1-150x112.jpg"},"modern-property-child-slider":{"file":"1-1-680x510.jpg","width":680,"height":510,"mime-type":"image\/jpeg","filesize":69097,"url":"https:\/\/avenidarealty.es\/wp-content\/uploads\/2025\/06\/1-1-680x510.jpg"},"property-thumb-image":{"file":"1-1-488x326.jpg","width":488,"height":326,"mime-type":"image\/jpeg","filesize":36455,"url":"https:\/\/avenidarealty.es\/wp-content\/uploads\/2025\/06\/1-1-488x326.jpg"},"property-detail-video-image":{"file":"1-1-818x417.jpg","width":818,"height":417,"mime-type":"image\/jpeg","filesize":69627,"url":"https:\/\/avenidarealty.es\/wp-content\/uploads\/2025\/06\/1-1-818x417.jpg"},"agent-image":{"file":"1-1-210x210.jpg","width":210,"height":210,"mime-type":"image\/jpeg","filesize":12283,"url":"https:\/\/avenidarealty.es\/wp-content\/uploads\/2025\/06\/1-1-210x210.jpg"},"partners-logo":{"file":"1-1-600x967.jpg","width":600,"height":967,"mime-type":"image\/jpeg","filesize":110069,"url":"https:\/\/avenidarealty.es\/wp-content\/uploads\/2025\/06\/1-1-600x967.jpg"},"post-featured-image":{"file":"1-1-1240x720.jpg","width":1240,"height":720,"mime-type":"image\/jpeg","filesize":154153,"url":"https:\/\/avenidarealty.es\/wp-content\/uploads\/2025\/06\/1-1-1240x720.jpg"},"cmplz_banner_image":{"file":"1-1-350x100.jpg","width":350,"height":100,"mime-type":"image\/jpeg","filesize":11234,"url":"https:\/\/avenidarealty.es\/wp-content\/uploads\/2025\/06\/1-1-350x100.jpg"}},"image_meta":{"aperture":"0","credit":"","camera":"","caption":"","created_timestamp":"0","copyright":"","focal_length":"0","iso":"0","shutter_speed":"0","title":"","orientation":"0","keywords":[]},"ID":"14440","name":"1-1.jpg","path":"\/sites\/avenidarealty.es\/wp-content\/uploads\/2025\/06\/1-1.jpg","url":"https:\/\/avenidarealty.es\/wp-content\/uploads\/2025\/06\/1-1-150x150.jpg","full_url":"https:\/\/avenidarealty.es\/wp-content\/uploads\/2025\/06\/1-1.jpg","title":"1","caption":"","description":"","alt":"","srcset":"https:\/\/avenidarealty.es\/wp-content\/uploads\/2025\/06\/1-1-150x150.jpg 150w, https:\/\/avenidarealty.es\/wp-content\/uploads\/2025\/06\/1-1-210x210.jpg 210w"},{"width":150,"height":150,"file":"2025\/06\/4.jpg","filesize":151479,"sizes":{"medium":{"file":"4-300x230.jpg","width":300,"height":230,"mime-type":"image\/jpeg","filesize":14178,"url":"https:\/\/avenidarealty.es\/wp-content\/uploads\/2025\/06\/4-300x230.jpg"},"large":{"file":"4-1024x784.jpg","width":1024,"height":784,"mime-type":"image\/jpeg","filesize":107694,"url":"https:\/\/avenidarealty.es\/wp-content\/uploads\/2025\/06\/4-1024x784.jpg"},"thumbnail":{"file":"4-150x150.jpg","width":150,"height":150,"mime-type":"image\/jpeg","filesize":5579,"url":"https:\/\/avenidarealty.es\/wp-content\/uploads\/2025\/06\/4-150x150.jpg"},"medium_large":{"file":"4-768x588.jpg","width":768,"height":588,"mime-type":"image\/jpeg","filesize":66744,"url":"https:\/\/avenidarealty.es\/wp-content\/uploads\/2025\/06\/4-768x588.jpg"},"post-thumbnail":{"file":"4-150x115.jpg","width":150,"height":115,"mime-type":"image\/jpeg","filesize":4862,"url":"https:\/\/avenidarealty.es\/wp-content\/uploads\/2025\/06\/4-150x115.jpg"},"modern-property-child-slider":{"file":"4-680x510.jpg","width":680,"height":510,"mime-type":"image\/jpeg","filesize":53273,"url":"https:\/\/avenidarealty.es\/wp-content\/uploads\/2025\/06\/4-680x510.jpg"},"property-thumb-image":{"file":"4-488x326.jpg","width":488,"height":326,"mime-type":"image\/jpeg","filesize":28186,"url":"https:\/\/avenidarealty.es\/wp-content\/uploads\/2025\/06\/4-488x326.jpg"},"property-detail-video-image":{"file":"4-818x417.jpg","width":818,"height":417,"mime-type":"image\/jpeg","filesize":51605,"url":"https:\/\/avenidarealty.es\/wp-content\/uploads\/2025\/06\/4-818x417.jpg"},"agent-image":{"file":"4-210x210.jpg","width":210,"height":210,"mime-type":"image\/jpeg","filesize":9820,"url":"https:\/\/avenidarealty.es\/wp-content\/uploads\/2025\/06\/4-210x210.jpg"},"partners-logo":{"file":"4-600x1011.jpg","width":600,"height":1011,"mime-type":"image\/jpeg","filesize":79449,"url":"https:\/\/avenidarealty.es\/wp-content\/uploads\/2025\/06\/4-600x1011.jpg"},"post-featured-image":{"file":"4-1240x720.jpg","width":1240,"height":720,"mime-type":"image\/jpeg","filesize":118583,"url":"https:\/\/avenidarealty.es\/wp-content\/uploads\/2025\/06\/4-1240x720.jpg"},"cmplz_banner_image":{"file":"4-350x100.jpg","width":350,"height":100,"mime-type":"image\/jpeg","filesize":7153,"url":"https:\/\/avenidarealty.es\/wp-content\/uploads\/2025\/06\/4-350x100.jpg"}},"image_meta":{"aperture":"0","credit":"","camera":"","caption":"","created_timestamp":"0","copyright":"","focal_length":"0","iso":"0","shutter_speed":"0","title":"","orientation":"0","keywords":[]},"ID":"14449","name":"4.jpg","path":"\/sites\/avenidarealty.es\/wp-content\/uploads\/2025\/06\/4.jpg","url":"https:\/\/avenidarealty.es\/wp-content\/uploads\/2025\/06\/4-150x150.jpg","full_url":"https:\/\/avenidarealty.es\/wp-content\/uploads\/2025\/06\/4.jpg","title":"4","caption":"","description":"","alt":"","srcset":"https:\/\/avenidarealty.es\/wp-content\/uploads\/2025\/06\/4-150x150.jpg 150w, https:\/\/avenidarealty.es\/wp-content\/uploads\/2025\/06\/4-210x210.jpg 210w"},{"width":150,"height":150,"file":"2025\/06\/3-1.jpg","filesize":172298,"sizes":{"medium":{"file":"3-1-300x271.jpg","width":300,"height":271,"mime-type":"image\/jpeg","filesize":16564,"url":"https:\/\/avenidarealty.es\/wp-content\/uploads\/2025\/06\/3-1-300x271.jpg"},"large":{"file":"3-1-1024x926.jpg","width":1024,"height":926,"mime-type":"image\/jpeg","filesize":126473,"url":"https:\/\/avenidarealty.es\/wp-content\/uploads\/2025\/06\/3-1-1024x926.jpg"},"thumbnail":{"file":"3-1-150x150.jpg","width":150,"height":150,"mime-type":"image\/jpeg","filesize":6006,"url":"https:\/\/avenidarealty.es\/wp-content\/uploads\/2025\/06\/3-1-150x150.jpg"},"medium_large":{"file":"3-1-768x695.jpg","width":768,"height":695,"mime-type":"image\/jpeg","filesize":78473,"url":"https:\/\/avenidarealty.es\/wp-content\/uploads\/2025\/06\/3-1-768x695.jpg"},"post-thumbnail":{"file":"3-1-150x136.jpg","width":150,"height":136,"mime-type":"image\/jpeg","filesize":5553,"url":"https:\/\/avenidarealty.es\/wp-content\/uploads\/2025\/06\/3-1-150x136.jpg"},"modern-property-child-slider":{"file":"3-1-680x510.jpg","width":680,"height":510,"mime-type":"image\/jpeg","filesize":52040,"url":"https:\/\/avenidarealty.es\/wp-content\/uploads\/2025\/06\/3-1-680x510.jpg"},"property-thumb-image":{"file":"3-1-488x326.jpg","width":488,"height":326,"mime-type":"image\/jpeg","filesize":26899,"url":"https:\/\/avenidarealty.es\/wp-content\/uploads\/2025\/06\/3-1-488x326.jpg"},"property-detail-video-image":{"file":"3-1-818x417.jpg","width":818,"height":417,"mime-type":"image\/jpeg","filesize":51690,"url":"https:\/\/avenidarealty.es\/wp-content\/uploads\/2025\/06\/3-1-818x417.jpg"},"agent-image":{"file":"3-1-210x210.jpg","width":210,"height":210,"mime-type":"image\/jpeg","filesize":10379,"url":"https:\/\/avenidarealty.es\/wp-content\/uploads\/2025\/06\/3-1-210x210.jpg"},"partners-logo":{"file":"3-1-600x1194.jpg","width":600,"height":1194,"mime-type":"image\/jpeg","filesize":103863,"url":"https:\/\/avenidarealty.es\/wp-content\/uploads\/2025\/06\/3-1-600x1194.jpg"},"post-featured-image":{"file":"3-1-1240x720.jpg","width":1240,"height":720,"mime-type":"image\/jpeg","filesize":114443,"url":"https:\/\/avenidarealty.es\/wp-content\/uploads\/2025\/06\/3-1-1240x720.jpg"},"cmplz_banner_image":{"file":"3-1-350x100.jpg","width":350,"height":100,"mime-type":"image\/jpeg","filesize":7473,"url":"https:\/\/avenidarealty.es\/wp-content\/uploads\/2025\/06\/3-1-350x100.jpg"}},"image_meta":{"aperture":"0","credit":"","camera":"","caption":"","created_timestamp":"0","copyright":"","focal_length":"0","iso":"0","shutter_speed":"0","title":"","orientation":"0","keywords":[]},"ID":"14446","name":"3-1.jpg","path":"\/sites\/avenidarealty.es\/wp-content\/uploads\/2025\/06\/3-1.jpg","url":"https:\/\/avenidarealty.es\/wp-content\/uploads\/2025\/06\/3-1-150x150.jpg","full_url":"https:\/\/avenidarealty.es\/wp-content\/uploads\/2025\/06\/3-1.jpg","title":"3","caption":"","description":"","alt":"","srcset":"https:\/\/avenidarealty.es\/wp-content\/uploads\/2025\/06\/3-1-150x150.jpg 150w, https:\/\/avenidarealty.es\/wp-content\/uploads\/2025\/06\/3-1-210x210.jpg 210w"},{"width":150,"height":150,"file":"2025\/06\/2-1.jpg","filesize":108620,"sizes":{"medium":{"file":"2-1-300x196.jpg","width":300,"height":196,"mime-type":"image\/jpeg","filesize":11472,"url":"https:\/\/avenidarealty.es\/wp-content\/uploads\/2025\/06\/2-1-300x196.jpg"},"large":{"file":"2-1-1024x668.jpg","width":1024,"height":668,"mime-type":"image\/jpeg","filesize":79685,"url":"https:\/\/avenidarealty.es\/wp-content\/uploads\/2025\/06\/2-1-1024x668.jpg"},"thumbnail":{"file":"2-1-150x150.jpg","width":150,"height":150,"mime-type":"image\/jpeg","filesize":4728,"url":"https:\/\/avenidarealty.es\/wp-content\/uploads\/2025\/06\/2-1-150x150.jpg"},"medium_large":{"file":"2-1-768x501.jpg","width":768,"height":501,"mime-type":"image\/jpeg","filesize":49592,"url":"https:\/\/avenidarealty.es\/wp-content\/uploads\/2025\/06\/2-1-768x501.jpg"},"post-thumbnail":{"file":"2-1-150x98.jpg","width":150,"height":98,"mime-type":"image\/jpeg","filesize":4164,"url":"https:\/\/avenidarealty.es\/wp-content\/uploads\/2025\/06\/2-1-150x98.jpg"},"modern-property-child-slider":{"file":"2-1-680x510.jpg","width":680,"height":510,"mime-type":"image\/jpeg","filesize":44855,"url":"https:\/\/avenidarealty.es\/wp-content\/uploads\/2025\/06\/2-1-680x510.jpg"},"property-thumb-image":{"file":"2-1-488x326.jpg","width":488,"height":326,"mime-type":"image\/jpeg","filesize":24397,"url":"https:\/\/avenidarealty.es\/wp-content\/uploads\/2025\/06\/2-1-488x326.jpg"},"property-detail-video-image":{"file":"2-1-818x417.jpg","width":818,"height":417,"mime-type":"image\/jpeg","filesize":44533,"url":"https:\/\/avenidarealty.es\/wp-content\/uploads\/2025\/06\/2-1-818x417.jpg"},"agent-image":{"file":"2-1-210x210.jpg","width":210,"height":210,"mime-type":"image\/jpeg","filesize":7976,"url":"https:\/\/avenidarealty.es\/wp-content\/uploads\/2025\/06\/2-1-210x210.jpg"},"partners-logo":{"file":"2-1-600x861.jpg","width":600,"height":861,"mime-type":"image\/jpeg","filesize":51108,"url":"https:\/\/avenidarealty.es\/wp-content\/uploads\/2025\/06\/2-1-600x861.jpg"},"post-featured-image":{"file":"2-1-1240x720.jpg","width":1240,"height":720,"mime-type":"image\/jpeg","filesize":99836,"url":"https:\/\/avenidarealty.es\/wp-content\/uploads\/2025\/06\/2-1-1240x720.jpg"},"cmplz_banner_image":{"file":"2-1-350x100.jpg","width":350,"height":100,"mime-type":"image\/jpeg","filesize":6389,"url":"https:\/\/avenidarealty.es\/wp-content\/uploads\/2025\/06\/2-1-350x100.jpg"}},"image_meta":{"aperture":"0","credit":"","camera":"","caption":"","created_timestamp":"0","copyright":"","focal_length":"0","iso":"0","shutter_speed":"0","title":"","orientation":"0","keywords":[]},"ID":"14443","name":"2-1.jpg","path":"\/sites\/avenidarealty.es\/wp-content\/uploads\/2025\/06\/2-1.jpg","url":"https:\/\/avenidarealty.es\/wp-content\/uploads\/2025\/06\/2-1-150x150.jpg","full_url":"https:\/\/avenidarealty.es\/wp-content\/uploads\/2025\/06\/2-1.jpg","title":"2","caption":"","description":"","alt":"","srcset":"https:\/\/avenidarealty.es\/wp-content\/uploads\/2025\/06\/2-1-150x150.jpg 150w, https:\/\/avenidarealty.es\/wp-content\/uploads\/2025\/06\/2-1-210x210.jpg 210w"},{"width":150,"height":150,"file":"2025\/06\/5-1.jpg","filesize":209400,"sizes":{"medium":{"file":"5-1-272x300.jpg","width":272,"height":300,"mime-type":"image\/jpeg","filesize":14843,"url":"https:\/\/avenidarealty.es\/wp-content\/uploads\/2025\/06\/5-1-272x300.jpg"},"large":{"file":"5-1-930x1024.jpg","width":930,"height":1024,"mime-type":"image\/jpeg","filesize":125754,"url":"https:\/\/avenidarealty.es\/wp-content\/uploads\/2025\/06\/5-1-930x1024.jpg"},"thumbnail":{"file":"5-1-150x150.jpg","width":150,"height":150,"mime-type":"image\/jpeg","filesize":5002,"url":"https:\/\/avenidarealty.es\/wp-content\/uploads\/2025\/06\/5-1-150x150.jpg"},"medium_large":{"file":"5-1-768x846.jpg","width":768,"height":846,"mime-type":"image\/jpeg","filesize":89268,"url":"https:\/\/avenidarealty.es\/wp-content\/uploads\/2025\/06\/5-1-768x846.jpg"},"post-thumbnail":{"file":"5-1-136x150.jpg","width":136,"height":150,"mime-type":"image\/jpeg","filesize":4677,"url":"https:\/\/avenidarealty.es\/wp-content\/uploads\/2025\/06\/5-1-136x150.jpg"},"modern-property-child-slider":{"file":"5-1-680x510.jpg","width":680,"height":510,"mime-type":"image\/jpeg","filesize":44557,"url":"https:\/\/avenidarealty.es\/wp-content\/uploads\/2025\/06\/5-1-680x510.jpg"},"property-thumb-image":{"file":"5-1-488x326.jpg","width":488,"height":326,"mime-type":"image\/jpeg","filesize":21515,"url":"https:\/\/avenidarealty.es\/wp-content\/uploads\/2025\/06\/5-1-488x326.jpg"},"property-detail-video-image":{"file":"5-1-818x417.jpg","width":818,"height":417,"mime-type":"image\/jpeg","filesize":43955,"url":"https:\/\/avenidarealty.es\/wp-content\/uploads\/2025\/06\/5-1-818x417.jpg"},"agent-image":{"file":"5-1-210x210.jpg","width":210,"height":210,"mime-type":"image\/jpeg","filesize":8760,"url":"https:\/\/avenidarealty.es\/wp-content\/uploads\/2025\/06\/5-1-210x210.jpg"},"partners-logo":{"file":"5-1-600x1454.jpg","width":600,"height":1454,"mime-type":"image\/jpeg","filesize":118386,"url":"https:\/\/avenidarealty.es\/wp-content\/uploads\/2025\/06\/5-1-600x1454.jpg"},"post-featured-image":{"file":"5-1-1240x720.jpg","width":1240,"height":720,"mime-type":"image\/jpeg","filesize":102255,"url":"https:\/\/avenidarealty.es\/wp-content\/uploads\/2025\/06\/5-1-1240x720.jpg"},"cmplz_banner_image":{"file":"5-1-350x100.jpg","width":350,"height":100,"mime-type":"image\/jpeg","filesize":6056,"url":"https:\/\/avenidarealty.es\/wp-content\/uploads\/2025\/06\/5-1-350x100.jpg"}},"image_meta":{"aperture":"0","credit":"","camera":"","caption":"","created_timestamp":"0","copyright":"","focal_length":"0","iso":"0","shutter_speed":"0","title":"","orientation":"0","keywords":[]},"ID":"14452","name":"5-1.jpg","path":"\/sites\/avenidarealty.es\/wp-content\/uploads\/2025\/06\/5-1.jpg","url":"https:\/\/avenidarealty.es\/wp-content\/uploads\/2025\/06\/5-1-150x150.jpg","full_url":"https:\/\/avenidarealty.es\/wp-content\/uploads\/2025\/06\/5-1.jpg","title":"5","caption":"","description":"","alt":"","srcset":"https:\/\/avenidarealty.es\/wp-content\/uploads\/2025\/06\/5-1-150x150.jpg 150w, https:\/\/avenidarealty.es\/wp-content\/uploads\/2025\/06\/5-1-210x210.jpg 210w"},{"width":150,"height":150,"file":"2025\/06\/6.jpg","filesize":113595,"sizes":{"medium":{"file":"6-300x273.jpg","width":300,"height":273,"mime-type":"image\/jpeg","filesize":11965,"url":"https:\/\/avenidarealty.es\/wp-content\/uploads\/2025\/06\/6-300x273.jpg"},"large":{"file":"6-1024x932.jpg","width":1024,"height":932,"mime-type":"image\/jpeg","filesize":84592,"url":"https:\/\/avenidarealty.es\/wp-content\/uploads\/2025\/06\/6-1024x932.jpg"},"thumbnail":{"file":"6-150x150.jpg","width":150,"height":150,"mime-type":"image\/jpeg","filesize":4595,"url":"https:\/\/avenidarealty.es\/wp-content\/uploads\/2025\/06\/6-150x150.jpg"},"medium_large":{"file":"6-768x699.jpg","width":768,"height":699,"mime-type":"image\/jpeg","filesize":53733,"url":"https:\/\/avenidarealty.es\/wp-content\/uploads\/2025\/06\/6-768x699.jpg"},"post-thumbnail":{"file":"6-150x136.jpg","width":150,"height":136,"mime-type":"image\/jpeg","filesize":4324,"url":"https:\/\/avenidarealty.es\/wp-content\/uploads\/2025\/06\/6-150x136.jpg"},"modern-property-child-slider":{"file":"6-680x510.jpg","width":680,"height":510,"mime-type":"image\/jpeg","filesize":36604,"url":"https:\/\/avenidarealty.es\/wp-content\/uploads\/2025\/06\/6-680x510.jpg"},"property-thumb-image":{"file":"6-488x326.jpg","width":488,"height":326,"mime-type":"image\/jpeg","filesize":19258,"url":"https:\/\/avenidarealty.es\/wp-content\/uploads\/2025\/06\/6-488x326.jpg"},"property-detail-video-image":{"file":"6-818x417.jpg","width":818,"height":417,"mime-type":"image\/jpeg","filesize":34337,"url":"https:\/\/avenidarealty.es\/wp-content\/uploads\/2025\/06\/6-818x417.jpg"},"agent-image":{"file":"6-210x210.jpg","width":210,"height":210,"mime-type":"image\/jpeg","filesize":7534,"url":"https:\/\/avenidarealty.es\/wp-content\/uploads\/2025\/06\/6-210x210.jpg"},"partners-logo":{"file":"6-600x1201.jpg","width":600,"height":1201,"mime-type":"image\/jpeg","filesize":52298,"url":"https:\/\/avenidarealty.es\/wp-content\/uploads\/2025\/06\/6-600x1201.jpg"},"post-featured-image":{"file":"6-1240x720.jpg","width":1240,"height":720,"mime-type":"image\/jpeg","filesize":73716,"url":"https:\/\/avenidarealty.es\/wp-content\/uploads\/2025\/06\/6-1240x720.jpg"},"cmplz_banner_image":{"file":"6-350x100.jpg","width":350,"height":100,"mime-type":"image\/jpeg","filesize":5266,"url":"https:\/\/avenidarealty.es\/wp-content\/uploads\/2025\/06\/6-350x100.jpg"}},"image_meta":{"aperture":"0","credit":"","camera":"","caption":"","created_timestamp":"0","copyright":"","focal_length":"0","iso":"0","shutter_speed":"0","title":"","orientation":"0","keywords":[]},"ID":"14455","name":"6.jpg","path":"\/sites\/avenidarealty.es\/wp-content\/uploads\/2025\/06\/6.jpg","url":"https:\/\/avenidarealty.es\/wp-content\/uploads\/2025\/06\/6-150x150.jpg","full_url":"https:\/\/avenidarealty.es\/wp-content\/uploads\/2025\/06\/6.jpg","title":"6","caption":"","description":"","alt":"","srcset":"https:\/\/avenidarealty.es\/wp-content\/uploads\/2025\/06\/6-150x150.jpg 150w, https:\/\/avenidarealty.es\/wp-content\/uploads\/2025\/06\/6-210x210.jpg 210w"},{"width":150,"height":150,"file":"2025\/06\/Street.jpg","filesize":137213,"sizes":{"medium":{"file":"Street-229x300.jpg","width":229,"height":300,"mime-type":"image\/jpeg","filesize":20315,"url":"https:\/\/avenidarealty.es\/wp-content\/uploads\/2025\/06\/Street-229x300.jpg"},"thumbnail":{"file":"Street-150x150.jpg","width":150,"height":150,"mime-type":"image\/jpeg","filesize":8473,"url":"https:\/\/avenidarealty.es\/wp-content\/uploads\/2025\/06\/Street-150x150.jpg"},"post-thumbnail":{"file":"Street-115x150.jpg","width":115,"height":150,"mime-type":"image\/jpeg","filesize":6908,"url":"https:\/\/avenidarealty.es\/wp-content\/uploads\/2025\/06\/Street-115x150.jpg"},"modern-property-child-slider":{"file":"Street-680x510.jpg","width":680,"height":510,"mime-type":"image\/jpeg","filesize":59208,"url":"https:\/\/avenidarealty.es\/wp-content\/uploads\/2025\/06\/Street-680x510.jpg"},"property-thumb-image":{"file":"Street-488x326.jpg","width":488,"height":326,"mime-type":"image\/jpeg","filesize":33844,"url":"https:\/\/avenidarealty.es\/wp-content\/uploads\/2025\/06\/Street-488x326.jpg"},"property-detail-video-image":{"file":"Street-730x417.jpg","width":730,"height":417,"mime-type":"image\/jpeg","filesize":51292,"url":"https:\/\/avenidarealty.es\/wp-content\/uploads\/2025\/06\/Street-730x417.jpg"},"agent-image":{"file":"Street-210x210.jpg","width":210,"height":210,"mime-type":"image\/jpeg","filesize":14671,"url":"https:\/\/avenidarealty.es\/wp-content\/uploads\/2025\/06\/Street-210x210.jpg"},"partners-logo":{"file":"Street-600x956.jpg","width":600,"height":956,"mime-type":"image\/jpeg","filesize":91622,"url":"https:\/\/avenidarealty.es\/wp-content\/uploads\/2025\/06\/Street-600x956.jpg"},"post-featured-image":{"file":"Street-730x720.jpg","width":730,"height":720,"mime-type":"image\/jpeg","filesize":86560,"url":"https:\/\/avenidarealty.es\/wp-content\/uploads\/2025\/06\/Street-730x720.jpg"},"cmplz_banner_image":{"file":"Street-350x100.jpg","width":350,"height":100,"mime-type":"image\/jpeg","filesize":9696,"url":"https:\/\/avenidarealty.es\/wp-content\/uploads\/2025\/06\/Street-350x100.jpg"}},"image_meta":{"aperture":"0","credit":"","camera":"","caption":"","created_timestamp":"0","copyright":"","focal_length":"0","iso":"0","shutter_speed":"0","title":"","orientation":"0","keywords":[]},"ID":"14457","name":"Street.jpg","path":"\/sites\/avenidarealty.es\/wp-content\/uploads\/2025\/06\/Street.jpg","url":"https:\/\/avenidarealty.es\/wp-content\/uploads\/2025\/06\/Street-150x150.jpg","full_url":"https:\/\/avenidarealty.es\/wp-content\/uploads\/2025\/06\/Street.jpg","title":"Street","caption":"","description":"","alt":"","srcset":"https:\/\/avenidarealty.es\/wp-content\/uploads\/2025\/06\/Street-150x150.jpg 150w, https:\/\/avenidarealty.es\/wp-content\/uploads\/2025\/06\/Street-210x210.jpg 210w"}],"REAL_HOMES_change_gallery_slider_type":"0","REAL_HOMES_gallery_slider_type":"carousel-style","inspiry_floor_plans":[{"inspiry_floor_plan_name":"Plano 1","inspiry_floor_plan_image":"http:\/\/avenidarealty.es\/wp-content\/uploads\/2025\/06\/Plano-Travessera-de-Dalt.jpg"}],"inspiry_video_group":[],"REAL_HOMES_360_virtual_tour":"","REAL_HOMES_agent_display_option":"none","REAL_HOMES_agents":[],"REAL_HOMES_energy_class":"none","REAL_HOMES_energy_performance":"","REAL_HOMES_epc_current_rating":"","REAL_HOMES_epc_potential_rating":"","ere_property_schedule_tour":"global","ere_property_schedule_time_slots":"","ere_property_schedule_description":"","REAL_HOMES_sticky":"0","inspiry_property_label":"","inspiry_property_label_color":"","inspiry_property_tax":"0","inspiry_additional_fee":"0","REAL_HOMES_attachments":[],"inspiry_property_owner_name":"","inspiry_property_owner_contact":"","inspiry_property_owner_address":"","REAL_HOMES_property_private_note":"","inspiry_message_to_reviewer":"","inspiry_global_property_template_override":"0","REAL_HOMES_add_in_slider":"no","REAL_HOMES_slider_image":[],"REAL_HOMES_page_banner_image":[],"REAL_HOMES_custom_header_display":"default","REAL_HOMES_custom_header_position":"relative","REAL_HOMES_custom_footer_display":"default","REAL_HOMES_hide_advance_search":"0","REAL_HOMES_custom_search_form":"default","REAL_HOMES_search_form_margin_top":"","REAL_HOMES_search_form_margin_bottom":""},"_links":{"self":[{"href":"https:\/\/avenidarealty.es\/en\/wp-json\/wp\/v2\/properties\/14466","targetHints":{"allow":["GET"]}}],"collection":[{"href":"https:\/\/avenidarealty.es\/en\/wp-json\/wp\/v2\/properties"}],"about":[{"href":"https:\/\/avenidarealty.es\/en\/wp-json\/wp\/v2\/types\/property"}],"author":[{"embeddable":true,"href":"https:\/\/avenidarealty.es\/en\/wp-json\/wp\/v2\/users\/3"}],"replies":[{"embeddable":true,"href":"https:\/\/avenidarealty.es\/en\/wp-json\/wp\/v2\/comments?post=14466"}],"version-history":[{"count":2,"href":"https:\/\/avenidarealty.es\/en\/wp-json\/wp\/v2\/properties\/14466\/revisions"}],"predecessor-version":[{"id":15284,"href":"https:\/\/avenidarealty.es\/en\/wp-json\/wp\/v2\/properties\/14466\/revisions\/15284"}],"wp:featuredmedia":[{"embeddable":true,"href":"https:\/\/avenidarealty.es\/en\/wp-json\/wp\/v2\/media\/14907"}],"wp:attachment":[{"href":"https:\/\/avenidarealty.es\/en\/wp-json\/wp\/v2\/media?parent=14466"}],"wp:term":[{"taxonomy":"property-feature","embeddable":true,"href":"https:\/\/avenidarealty.es\/en\/wp-json\/wp\/v2\/property-features?post=14466"},{"taxonomy":"property-type","embeddable":true,"href":"https:\/\/avenidarealty.es\/en\/wp-json\/wp\/v2\/property-types?post=14466"},{"taxonomy":"property-city","embeddable":true,"href":"https:\/\/avenidarealty.es\/en\/wp-json\/wp\/v2\/property-cities?post=14466"},{"taxonomy":"property-status","embeddable":true,"href":"https:\/\/avenidarealty.es\/en\/wp-json\/wp\/v2\/property-statuses?post=14466"}],"curies":[{"name":"wp","href":"https:\/\/api.w.org\/{rel}","templated":true}]}}